{"id":456,"date":"2025-09-11T17:57:18","date_gmt":"2025-09-11T15:57:18","guid":{"rendered":"https:\/\/aprenemdelapluja.cotec.es\/?page_id=456"},"modified":"2026-02-03T15:40:32","modified_gmt":"2026-02-03T14:40:32","slug":"home-2","status":"publish","type":"page","link":"https:\/\/aprenemdelapluja.cotec.es\/va-es\/","title":{"rendered":"HOME"},"content":{"rendered":"\t\t<div data-elementor-type=\"wp-page\" data-elementor-id=\"456\" class=\"elementor elementor-456 elementor-455\" data-elementor-post-type=\"page\">\n\t\t\t\t<div class=\"elementor-element elementor-element-880f95b e-con-full e-flex e-con e-parent\" data-id=\"880f95b\" data-element_type=\"container\" id=\"main\" data-settings=\"{&quot;background_background&quot;:&quot;classic&quot;}\">\n\t\t<div class=\"elementor-element elementor-element-6d21395 e-con-full e-flex e-con e-child\" data-id=\"6d21395\" data-element_type=\"container\" data-settings=\"{&quot;background_background&quot;:&quot;classic&quot;}\">\n\t\t\t\t<div class=\"elementor-element elementor-element-0d40cf2 elementor-widget elementor-widget-image\" data-id=\"0d40cf2\" data-element_type=\"widget\" data-widget_type=\"image.default\">\n\t\t\t\t<div class=\"elementor-widget-container\">\n\t\t\t\t\t\t\t\t\t\t\t\t\t\t\t\t<a href=\"http:\/\/aprenemdelapluja.cotec.es\/\">\n\t\t\t\t\t\t\t<img decoding=\"async\" width=\"251\" height=\"60\" src=\"https:\/\/aprenemdelapluja.cotec.es\/wp-content\/uploads\/2025\/03\/logo-aprenem_200x60-1.png\" class=\"attachment-medium size-medium wp-image-380\" alt=\"\" \/>\t\t\t\t\t\t\t\t<\/a>\n\t\t\t\t\t\t\t\t\t\t\t\t\t\t\t<\/div>\n\t\t\t\t<\/div>\n\t\t\t\t<\/div>\n\t\t<div class=\"elementor-element elementor-element-cb8c84a e-con-full elementor-hidden-mobile e-flex e-con e-child\" data-id=\"cb8c84a\" data-element_type=\"container\">\n\t\t\t\t<div class=\"elementor-element elementor-element-ea021ab elementor-widget elementor-widget-button\" data-id=\"ea021ab\" data-element_type=\"widget\" data-widget_type=\"button.default\">\n\t\t\t\t<div class=\"elementor-widget-container\">\n\t\t\t\t\t\t\t\t\t<div class=\"elementor-button-wrapper\">\n\t\t\t\t\t<a class=\"elementor-button elementor-button-link elementor-size-sm\" href=\"#seleccion\">\n\t\t\t\t\t\t<span class=\"elementor-button-content-wrapper\">\n\t\t\t\t\t\t\t\t\t<span class=\"elementor-button-text\">Projectes seleccionats<\/span>\n\t\t\t\t\t<\/span>\n\t\t\t\t\t<\/a>\n\t\t\t\t<\/div>\n\t\t\t\t\t\t\t\t<\/div>\n\t\t\t\t<\/div>\n\t\t\t\t<div class=\"elementor-element elementor-element-9a5df26 elementor-widget elementor-widget-button\" data-id=\"9a5df26\" data-element_type=\"widget\" data-widget_type=\"button.default\">\n\t\t\t\t<div class=\"elementor-widget-container\">\n\t\t\t\t\t\t\t\t\t<div class=\"elementor-button-wrapper\">\n\t\t\t\t\t<a class=\"elementor-button elementor-button-link elementor-size-sm\" href=\"#objetivos\">\n\t\t\t\t\t\t<span class=\"elementor-button-content-wrapper\">\n\t\t\t\t\t\t\t\t\t<span class=\"elementor-button-text\">Objectius<\/span>\n\t\t\t\t\t<\/span>\n\t\t\t\t\t<\/a>\n\t\t\t\t<\/div>\n\t\t\t\t\t\t\t\t<\/div>\n\t\t\t\t<\/div>\n\t\t\t\t<div class=\"elementor-element elementor-element-4e778e7 elementor-widget elementor-widget-button\" data-id=\"4e778e7\" data-element_type=\"widget\" data-widget_type=\"button.default\">\n\t\t\t\t<div class=\"elementor-widget-container\">\n\t\t\t\t\t\t\t\t\t<div class=\"elementor-button-wrapper\">\n\t\t\t\t\t<a class=\"elementor-button elementor-button-link elementor-size-sm\" href=\"#bases\">\n\t\t\t\t\t\t<span class=\"elementor-button-content-wrapper\">\n\t\t\t\t\t\t\t\t\t<span class=\"elementor-button-text\">BASES<\/span>\n\t\t\t\t\t<\/span>\n\t\t\t\t\t<\/a>\n\t\t\t\t<\/div>\n\t\t\t\t\t\t\t\t<\/div>\n\t\t\t\t<\/div>\n\t\t\t\t<div class=\"elementor-element elementor-element-34bb4b3 elementor-widget elementor-widget-button\" data-id=\"34bb4b3\" data-element_type=\"widget\" data-widget_type=\"button.default\">\n\t\t\t\t<div class=\"elementor-widget-container\">\n\t\t\t\t\t\t\t\t\t<div class=\"elementor-button-wrapper\">\n\t\t\t\t\t<a class=\"elementor-button elementor-button-link elementor-size-sm\" href=\"#form\">\n\t\t\t\t\t\t<span class=\"elementor-button-content-wrapper\">\n\t\t\t\t\t\t\t\t\t<span class=\"elementor-button-text\">Inscripci\u00f3<\/span>\n\t\t\t\t\t<\/span>\n\t\t\t\t\t<\/a>\n\t\t\t\t<\/div>\n\t\t\t\t\t\t\t\t<\/div>\n\t\t\t\t<\/div>\n\t\t\t\t<div class=\"elementor-element elementor-element-a0b3e6b elementor-widget elementor-widget-wpml-language-switcher\" data-id=\"a0b3e6b\" data-element_type=\"widget\" data-widget_type=\"wpml-language-switcher.default\">\n\t\t\t\t<div class=\"elementor-widget-container\">\n\t\t\t\t\t<div class=\"wpml-elementor-ls\">\n<div class=\"wpml-ls-statics-shortcode_actions wpml-ls wpml-ls-legacy-list-horizontal\">\n\t<ul role=\"menu\"><li class=\"wpml-ls-slot-shortcode_actions wpml-ls-item wpml-ls-item-es wpml-ls-first-item wpml-ls-item-legacy-list-horizontal\" role=\"none\">\n\t\t\t\t<a href=\"https:\/\/aprenemdelapluja.cotec.es\/\" class=\"wpml-ls-link\" role=\"menuitem\"  aria-label=\"Switch to Spanish\" title=\"Switch to Spanish\" >\n                                                        <img decoding=\"async\"\n            class=\"wpml-ls-flag\"\n            src=\"https:\/\/aprenemdelapluja.cotec.es\/wp-content\/plugins\/sitepress-multilingual-cms\/res\/flags\/es.svg\"\n            alt=\"Spanish\"\n            width=18\n            height=12\n    \/><\/a>\n\t\t\t<\/li><li class=\"wpml-ls-slot-shortcode_actions wpml-ls-item wpml-ls-item-va-es wpml-ls-current-language wpml-ls-last-item wpml-ls-item-legacy-list-horizontal\" role=\"none\">\n\t\t\t\t<a href=\"https:\/\/aprenemdelapluja.cotec.es\/va-es\/\" class=\"wpml-ls-link\" role=\"menuitem\" >\n                                                        <img decoding=\"async\"\n            class=\"wpml-ls-flag\"\n            src=\"https:\/\/aprenemdelapluja.cotec.es\/wp-content\/uploads\/flags\/val.png\"\n            alt=\"Valenci\u00e0 (Spain)\"\n            width=18\n            height=12\n    \/><\/a>\n\t\t\t<\/li><\/ul>\n<\/div>\n<\/div>\t\t\t\t<\/div>\n\t\t\t\t<\/div>\n\t\t\t\t<\/div>\n\t\t\t\t<\/div>\n\t\t<div class=\"elementor-element elementor-element-1b6122a e-flex e-con-boxed e-con e-parent\" data-id=\"1b6122a\" data-element_type=\"container\" id=\"introduccion\" data-settings=\"{&quot;background_background&quot;:&quot;classic&quot;}\">\n\t\t\t\t\t<div class=\"e-con-inner\">\n\t\t\t\t<div class=\"elementor-element elementor-element-c477885 elementor-widget elementor-widget-heading\" data-id=\"c477885\" data-element_type=\"widget\" data-widget_type=\"heading.default\">\n\t\t\t\t<div class=\"elementor-widget-container\">\n\t\t\t\t\t<h2 class=\"elementor-heading-title elementor-size-default\">APRENEM DE LA PLUJA<\/h2>\t\t\t\t<\/div>\n\t\t\t\t<\/div>\n\t\t\t\t<div class=\"elementor-element elementor-element-f2fbad8 elementor-widget elementor-widget-text-editor\" data-id=\"f2fbad8\" data-element_type=\"widget\" data-widget_type=\"text-editor.default\">\n\t\t\t\t<div class=\"elementor-widget-container\">\n\t\t\t\t\t\t\t\t\t<p>Projectes d&#8217;aprenentatge-servici dirigits a ajudar la poblaci\u00f3 afectada per la dana de 2024 a Val\u00e8ncia <\/p>\t\t\t\t\t\t\t\t<\/div>\n\t\t\t\t<\/div>\n\t\t\t\t<div class=\"elementor-element elementor-element-b4cc14e elementor-view-default elementor-invisible elementor-widget elementor-widget-icon\" data-id=\"b4cc14e\" data-element_type=\"widget\" data-settings=\"{&quot;_animation&quot;:&quot;slideInDown&quot;}\" data-widget_type=\"icon.default\">\n\t\t\t\t<div class=\"elementor-widget-container\">\n\t\t\t\t\t\t\t<div class=\"elementor-icon-wrapper\">\n\t\t\t<a class=\"elementor-icon elementor-animation-grow\" href=\"#introduccion\">\n\t\t\t<svg aria-hidden=\"true\" class=\"e-font-icon-svg e-fas-angle-double-down\" viewBox=\"0 0 320 512\" xmlns=\"http:\/\/www.w3.org\/2000\/svg\"><path d=\"M143 256.3L7 120.3c-9.4-9.4-9.4-24.6 0-33.9l22.6-22.6c9.4-9.4 24.6-9.4 33.9 0l96.4 96.4 96.4-96.4c9.4-9.4 24.6-9.4 33.9 0L313 86.3c9.4 9.4 9.4 24.6 0 33.9l-136 136c-9.4 9.5-24.6 9.5-34 .1zm34 192l136-136c9.4-9.4 9.4-24.6 0-33.9l-22.6-22.6c-9.4-9.4-24.6-9.4-33.9 0L160 352.1l-96.4-96.4c-9.4-9.4-24.6-9.4-33.9 0L7 278.3c-9.4 9.4-9.4 24.6 0 33.9l136 136c9.4 9.5 24.6 9.5 34 .1z\"><\/path><\/svg>\t\t\t<\/a>\n\t\t<\/div>\n\t\t\t\t\t\t<\/div>\n\t\t\t\t<\/div>\n\t\t\t\t\t<\/div>\n\t\t\t\t<\/div>\n\t\t<div class=\"elementor-element elementor-element-bb4a9ef e-con-full e-flex e-con e-parent\" data-id=\"bb4a9ef\" data-element_type=\"container\" data-settings=\"{&quot;background_background&quot;:&quot;classic&quot;}\">\n\t\t<div class=\"elementor-element elementor-element-d96949a e-grid e-con-full e-con e-child\" data-id=\"d96949a\" data-element_type=\"container\">\n\t\t<div class=\"elementor-element elementor-element-1d95cc9 e-con-full e-flex e-con e-child\" data-id=\"1d95cc9\" data-element_type=\"container\">\n\t\t\t\t<div class=\"elementor-element elementor-element-8328c61 elementor-widget elementor-widget-heading\" data-id=\"8328c61\" data-element_type=\"widget\" data-widget_type=\"heading.default\">\n\t\t\t\t<div class=\"elementor-widget-container\">\n\t\t\t\t\t<h2 class=\"elementor-heading-title elementor-size-default\">16 projectes de FP ajudaran en la reconstrucci\u00f3 dels territoris afectats per la DANA de Val\u00e8ncia<\/h2>\t\t\t\t<\/div>\n\t\t\t\t<\/div>\n\t\t\t\t<div class=\"elementor-element elementor-element-a365f0a elementor-widget elementor-widget-image\" data-id=\"a365f0a\" data-element_type=\"widget\" data-widget_type=\"image.default\">\n\t\t\t\t<div class=\"elementor-widget-container\">\n\t\t\t\t\t\t\t\t\t\t\t\t\t\t\t<img decoding=\"async\" width=\"40\" height=\"40\" src=\"https:\/\/aprenemdelapluja.cotec.es\/wp-content\/uploads\/2025\/03\/pluja_40x40.png\" class=\"attachment-full size-full wp-image-409\" alt=\"\" \/>\t\t\t\t\t\t\t\t\t\t\t\t\t\t\t<\/div>\n\t\t\t\t<\/div>\n\t\t\t\t<div class=\"elementor-element elementor-element-ef4bfb3 elementor-icon-list--layout-traditional elementor-list-item-link-full_width elementor-widget elementor-widget-icon-list\" data-id=\"ef4bfb3\" data-element_type=\"widget\" data-widget_type=\"icon-list.default\">\n\t\t\t\t<div class=\"elementor-widget-container\">\n\t\t\t\t\t\t\t<ul class=\"elementor-icon-list-items\">\n\t\t\t\t\t\t\t<li class=\"elementor-icon-list-item\">\n\t\t\t\t\t\t\t\t\t\t\t<span class=\"elementor-icon-list-icon\">\n\t\t\t\t\t\t\t<svg aria-hidden=\"true\" class=\"e-font-icon-svg e-fas-angle-double-right\" viewBox=\"0 0 448 512\" xmlns=\"http:\/\/www.w3.org\/2000\/svg\"><path d=\"M224.3 273l-136 136c-9.4 9.4-24.6 9.4-33.9 0l-22.6-22.6c-9.4-9.4-9.4-24.6 0-33.9l96.4-96.4-96.4-96.4c-9.4-9.4-9.4-24.6 0-33.9L54.3 103c9.4-9.4 24.6-9.4 33.9 0l136 136c9.5 9.4 9.5 24.6.1 34zm192-34l-136-136c-9.4-9.4-24.6-9.4-33.9 0l-22.6 22.6c-9.4 9.4-9.4 24.6 0 33.9l96.4 96.4-96.4 96.4c-9.4 9.4-9.4 24.6 0 33.9l22.6 22.6c9.4 9.4 24.6 9.4 33.9 0l136-136c9.4-9.2 9.4-24.4 0-33.8z\"><\/path><\/svg>\t\t\t\t\t\t<\/span>\n\t\t\t\t\t\t\t\t\t\t<span class=\"elementor-icon-list-text\"> Les iniciatives van n\u00e0ixer a centres de FP de la prov\u00edncia de Val\u00e8ncia i van ser seleccionades per la convocat\u00f2ria Aprenem de la pluja, impulsada per la Fundaci\u00f3 Cotec, que aportar\u00e0 un finan\u00e7ament de 39.000 euros<\/span>\n\t\t\t\t\t\t\t\t\t<\/li>\n\t\t\t\t\t\t\t\t<li class=\"elementor-icon-list-item\">\n\t\t\t\t\t\t\t\t\t\t\t<span class=\"elementor-icon-list-icon\">\n\t\t\t\t\t\t\t<svg aria-hidden=\"true\" class=\"e-font-icon-svg e-fas-angle-double-right\" viewBox=\"0 0 448 512\" xmlns=\"http:\/\/www.w3.org\/2000\/svg\"><path d=\"M224.3 273l-136 136c-9.4 9.4-24.6 9.4-33.9 0l-22.6-22.6c-9.4-9.4-9.4-24.6 0-33.9l96.4-96.4-96.4-96.4c-9.4-9.4-9.4-24.6 0-33.9L54.3 103c9.4-9.4 24.6-9.4 33.9 0l136 136c9.5 9.4 9.5 24.6.1 34zm192-34l-136-136c-9.4-9.4-24.6-9.4-33.9 0l-22.6 22.6c-9.4 9.4-9.4 24.6 0 33.9l96.4 96.4-96.4 96.4c-9.4 9.4-9.4 24.6 0 33.9l22.6 22.6c9.4 9.4 24.6 9.4 33.9 0l136-136c9.4-9.2 9.4-24.4 0-33.8z\"><\/path><\/svg>\t\t\t\t\t\t<\/span>\n\t\t\t\t\t\t\t\t\t\t<span class=\"elementor-icon-list-text\"> Els alumnes participaran amb projectes d'aprenentatge servici en reparaci\u00f3 d'infraestructures, condicionament de dispositius electr\u00f2nics o prestaci\u00f3 de suport al benestar emocional, entre d'altres accions <\/span>\n\t\t\t\t\t\t\t\t\t<\/li>\n\t\t\t\t\t\t<\/ul>\n\t\t\t\t\t\t<\/div>\n\t\t\t\t<\/div>\n\t\t\t\t<\/div>\n\t\t<div class=\"elementor-element elementor-element-efa078e e-con-full e-flex e-con e-child\" data-id=\"efa078e\" data-element_type=\"container\">\n\t\t\t\t<div class=\"elementor-element elementor-element-2a57554 elementor-widget elementor-widget-text-editor\" data-id=\"2a57554\" data-element_type=\"widget\" data-widget_type=\"text-editor.default\">\n\t\t\t\t<div class=\"elementor-widget-container\">\n\t\t\t\t\t\t\t\t\t<p>Un total de 16 projectes d&#8217;aprenentatge-servici, ideats en centres de Formaci\u00f3 Professional (FP) de la prov\u00edncia de Val\u00e8ncia, donaran suport durant l&#8217;any escolar a les poblacions afectades per la dana d&#8217;octubre del 2024. Les iniciatives van ser seleccionades per la Fundaci\u00f3 Cotec per a la innovaci\u00f3 en el marc de la convocat\u00f2ria Aprenem de la pluja, llan\u00e7ada al mar\u00e7. Cotec aportar\u00e0 per al desenvolupament un finan\u00e7ament de 39.000 euros.<\/p><p>Els projectes abordaran la reconstrucci\u00f3 des de m\u00faltiples enfocaments. Alguns se centren en la reparaci\u00f3 d&#8217;infraestructures danyades, com ara mobiliari urb\u00e0, patis escolars o dispositius electr\u00f2nics; altres promouen el benestar emocional de les persones afectades, especialment la inf\u00e0ncia, mitjan\u00e7ant activitats pedag\u00f2giques, liter\u00e0ries o audiovisuals. Tamb\u00e9 hi ha propostes que fomenten la sostenibilitat, l&#8217;economia circular, la inclusi\u00f3 social, la reutilitzaci\u00f3 de materials, la creaci\u00f3 d&#8217;espais comunitaris o la recuperaci\u00f3 de l&#8217;entorn natural [vegeu la llista completa m\u00e9s endavant].<\/p><p>Les 16 propostes seleccionades, rebudes de centres de FP p\u00fablics, concertats i privats, van ser avaluades basant-se en l&#8217;inter\u00e8s social, la participaci\u00f3 de l&#8217;alumnat, els objectius educatius, la viabilitat, aix\u00ed com la seua alineaci\u00f3 amb els objectius de desenvolupament sostenible, entre altres criteris. A m\u00e9s, aquesta iniciativa de Cotec compta amb la col\u00b7laboraci\u00f3 de la Xarxa Espanyola d&#8217;Aprenentatge-Servici (REDAPS) i amb el suport de l&#8217;Ajuntament de Val\u00e8ncia, l&#8217;escola de negocis EDEM i l&#8217;organitzaci\u00f3 YMCA.<\/p>\t\t\t\t\t\t\t\t<\/div>\n\t\t\t\t<\/div>\n\t\t\t\t<div class=\"elementor-element elementor-element-60dde39 elementor-widget elementor-widget-heading\" data-id=\"60dde39\" data-element_type=\"widget\" data-widget_type=\"heading.default\">\n\t\t\t\t<div class=\"elementor-widget-container\">\n\t\t\t\t\t<h2 class=\"elementor-heading-title elementor-size-default\"><i>Metodologia aprenentatge servici<\/i><\/h2>\t\t\t\t<\/div>\n\t\t\t\t<\/div>\n\t\t\t\t<div class=\"elementor-element elementor-element-49e3f9e elementor-widget elementor-widget-text-editor\" data-id=\"49e3f9e\" data-element_type=\"widget\" data-widget_type=\"text-editor.default\">\n\t\t\t\t<div class=\"elementor-widget-container\">\n\t\t\t\t\t\t\t\t\t<p><em>Aprenem de la pluja<\/em> es basa en la metodologia d&#8217;aprenentatge-servici, una proposta educativa que combina processos d&#8217;aprenentatge i de servici a la comunitat en un sol projecte, articulat de manera que els estudiants aprenen a treballar en necessitats reals de l&#8217;entorn amb la finalitat de millorar-lo. L&#8217;aposta de Cotec per aquesta metodologia a l&#8217;\u00e0mbit de la FP respon a la seua visi\u00f3 de la innovaci\u00f3 com a eina de transformaci\u00f3 i desenvolupament social i econ\u00f2mic.<\/p><p>La directora d&#8217;Educaci\u00f3 de Cotec, Ainara Zubillaga, explica que &#8220;l&#8217;aprenentatge-servici converteix els centres de FP en laboratoris vius d&#8217;innovaci\u00f3 educativa, on el coneixement t\u00e8cnic es posa al servici de reptes reals. Aquesta combinaci\u00f3 potencia el valor de la FP com a motor de canvi, capa\u00e7 de generar impacte social des de la pr\u00e0ctica professional i el treball col\u00b7laboratiu&#8221;.<\/p>\t\t\t\t\t\t\t\t<\/div>\n\t\t\t\t<\/div>\n\t\t\t\t<\/div>\n\t\t\t\t<\/div>\n\t\t\t\t<\/div>\n\t\t<div class=\"elementor-element elementor-element-071d717 e-con-full e-flex e-con e-parent\" data-id=\"071d717\" data-element_type=\"container\" id=\"seleccion\" data-settings=\"{&quot;background_background&quot;:&quot;classic&quot;}\">\n\t\t<div class=\"elementor-element elementor-element-475e270 e-con-full e-grid e-con e-child\" data-id=\"475e270\" data-element_type=\"container\">\n\t\t<div class=\"elementor-element elementor-element-ccfb771 e-con-full e-flex e-con e-child\" data-id=\"ccfb771\" data-element_type=\"container\">\n\t\t\t\t<div class=\"elementor-element elementor-element-1a6450c elementor-widget elementor-widget-image\" data-id=\"1a6450c\" data-element_type=\"widget\" data-widget_type=\"image.default\">\n\t\t\t\t<div class=\"elementor-widget-container\">\n\t\t\t\t\t\t\t\t\t\t\t\t\t\t\t<img decoding=\"async\" width=\"40\" height=\"40\" src=\"https:\/\/aprenemdelapluja.cotec.es\/wp-content\/uploads\/2025\/03\/pluja_40x40.png\" class=\"attachment-full size-full wp-image-409\" alt=\"\" \/>\t\t\t\t\t\t\t\t\t\t\t\t\t\t\t<\/div>\n\t\t\t\t<\/div>\n\t\t\t\t<div class=\"elementor-element elementor-element-17917d8 elementor-widget elementor-widget-spacer\" data-id=\"17917d8\" data-element_type=\"widget\" data-widget_type=\"spacer.default\">\n\t\t\t\t<div class=\"elementor-widget-container\">\n\t\t\t\t\t\t\t<div class=\"elementor-spacer\">\n\t\t\t<div class=\"elementor-spacer-inner\"><\/div>\n\t\t<\/div>\n\t\t\t\t\t\t<\/div>\n\t\t\t\t<\/div>\n\t\t<div class=\"elementor-element elementor-element-69538d4 e-grid e-con-full e-con e-child\" data-id=\"69538d4\" data-element_type=\"container\">\n\t\t<div class=\"elementor-element elementor-element-7d579dd e-con-full e-flex e-con e-child\" data-id=\"7d579dd\" data-element_type=\"container\">\n\t\t\t\t<div class=\"elementor-element elementor-element-5b13e89 elementor-view-framed elementor-position-left elementor-shape-circle elementor-mobile-position-top elementor-widget elementor-widget-icon-box\" data-id=\"5b13e89\" data-element_type=\"widget\" data-widget_type=\"icon-box.default\">\n\t\t\t\t<div class=\"elementor-widget-container\">\n\t\t\t\t\t\t\t<div class=\"elementor-icon-box-wrapper\">\n\n\t\t\t\t\t\t<div class=\"elementor-icon-box-icon\">\n\t\t\t\t<span  class=\"elementor-icon\">\n\t\t\t\t<svg aria-hidden=\"true\" class=\"e-font-icon-svg e-fas-chevron-right\" viewBox=\"0 0 320 512\" xmlns=\"http:\/\/www.w3.org\/2000\/svg\"><path d=\"M285.476 272.971L91.132 467.314c-9.373 9.373-24.569 9.373-33.941 0l-22.667-22.667c-9.357-9.357-9.375-24.522-.04-33.901L188.505 256 34.484 101.255c-9.335-9.379-9.317-24.544.04-33.901l22.667-22.667c9.373-9.373 24.569-9.373 33.941 0L285.475 239.03c9.373 9.372 9.373 24.568.001 33.941z\"><\/path><\/svg>\t\t\t\t<\/span>\n\t\t\t<\/div>\n\t\t\t\n\t\t\t\t\t\t<div class=\"elementor-icon-box-content\">\n\n\t\t\t\t\t\t\t\t\t<h3 class=\"elementor-icon-box-title\">\n\t\t\t\t\t\t<span  >\n\t\t\t\t\t\t\t<b>REPARACIUTAT<\/b> | CENTRE DE FORMACI\u00d3 FOLGADO S.L.U | VALENCIA |\t\t\t\t\t\t<\/span>\n\t\t\t\t\t<\/h3>\n\t\t\t\t\n\t\t\t\t\t\t\t\t\t<p class=\"elementor-icon-box-description\">\n\t\t\t\t\t\tL'alumnat de grau mitj\u00e0 en soldadura i caldereria, juntament amb l'Ajuntament de Paiporta, se centrar\u00e0 en la restauraci\u00f3 del mobiliari urb\u00e0 danyat per la dana, com a bancs i baranes, amb l'objectiu de promoure la sostenibilitat, la participaci\u00f3 ciutadana i la millora de l'espai p\u00fablic.\t\t\t\t\t<\/p>\n\t\t\t\t\n\t\t\t<\/div>\n\t\t\t\n\t\t<\/div>\n\t\t\t\t\t\t<\/div>\n\t\t\t\t<\/div>\n\t\t\t\t<\/div>\n\t\t<div class=\"elementor-element elementor-element-33c6200 e-con-full e-flex e-con e-child\" data-id=\"33c6200\" data-element_type=\"container\">\n\t\t\t\t<div class=\"elementor-element elementor-element-bf45047 elementor-view-framed elementor-position-left elementor-shape-circle elementor-mobile-position-top elementor-widget elementor-widget-icon-box\" data-id=\"bf45047\" data-element_type=\"widget\" data-widget_type=\"icon-box.default\">\n\t\t\t\t<div class=\"elementor-widget-container\">\n\t\t\t\t\t\t\t<div class=\"elementor-icon-box-wrapper\">\n\n\t\t\t\t\t\t<div class=\"elementor-icon-box-icon\">\n\t\t\t\t<span  class=\"elementor-icon\">\n\t\t\t\t<svg aria-hidden=\"true\" class=\"e-font-icon-svg e-fas-chevron-right\" viewBox=\"0 0 320 512\" xmlns=\"http:\/\/www.w3.org\/2000\/svg\"><path d=\"M285.476 272.971L91.132 467.314c-9.373 9.373-24.569 9.373-33.941 0l-22.667-22.667c-9.357-9.357-9.375-24.522-.04-33.901L188.505 256 34.484 101.255c-9.335-9.379-9.317-24.544.04-33.901l22.667-22.667c9.373-9.373 24.569-9.373 33.941 0L285.475 239.03c9.373 9.372 9.373 24.568.001 33.941z\"><\/path><\/svg>\t\t\t\t<\/span>\n\t\t\t<\/div>\n\t\t\t\n\t\t\t\t\t\t<div class=\"elementor-icon-box-content\">\n\n\t\t\t\t\t\t\t\t\t<h3 class=\"elementor-icon-box-title\">\n\t\t\t\t\t\t<span  >\n\t\t\t\t\t\t\t<b>S.T.O.P., SISTEMA TRANSVERSAL D\u2019OBSTRUCCI\u00d3 DE LA PLUJA <\/b> | IES GONZALO ANAYA | XIRIVELLA\t\t\t\t\t\t<\/span>\n\t\t\t\t\t<\/h3>\n\t\t\t\t\n\t\t\t\t\t\t\t\t\t<p class=\"elementor-icon-box-description\">\n\t\t\t\t\t\tEl cicle formatiu de grau superior en Disseny en Fabricaci\u00f3 Mec\u00e0nica i cicle formatiu de grau mitj\u00e0 de Manteniment Electromec\u00e0nic dissenyaran i fabricaran barreres desmuntables per protegir habitatges davant de futures inundacions, combinant formaci\u00f3 t\u00e8cnica amb comprom\u00eds social i resili\u00e8ncia comunit\u00e0ria.\t\t\t\t\t<\/p>\n\t\t\t\t\n\t\t\t<\/div>\n\t\t\t\n\t\t<\/div>\n\t\t\t\t\t\t<\/div>\n\t\t\t\t<\/div>\n\t\t\t\t<\/div>\n\t\t<div class=\"elementor-element elementor-element-97d9d90 e-con-full e-flex e-con e-child\" data-id=\"97d9d90\" data-element_type=\"container\">\n\t\t\t\t<div class=\"elementor-element elementor-element-4371193 elementor-view-framed elementor-position-left elementor-shape-circle elementor-mobile-position-top elementor-widget elementor-widget-icon-box\" data-id=\"4371193\" data-element_type=\"widget\" data-widget_type=\"icon-box.default\">\n\t\t\t\t<div class=\"elementor-widget-container\">\n\t\t\t\t\t\t\t<div class=\"elementor-icon-box-wrapper\">\n\n\t\t\t\t\t\t<div class=\"elementor-icon-box-icon\">\n\t\t\t\t<span  class=\"elementor-icon\">\n\t\t\t\t<svg aria-hidden=\"true\" class=\"e-font-icon-svg e-fas-chevron-right\" viewBox=\"0 0 320 512\" xmlns=\"http:\/\/www.w3.org\/2000\/svg\"><path d=\"M285.476 272.971L91.132 467.314c-9.373 9.373-24.569 9.373-33.941 0l-22.667-22.667c-9.357-9.357-9.375-24.522-.04-33.901L188.505 256 34.484 101.255c-9.335-9.379-9.317-24.544.04-33.901l22.667-22.667c9.373-9.373 24.569-9.373 33.941 0L285.475 239.03c9.373 9.372 9.373 24.568.001 33.941z\"><\/path><\/svg>\t\t\t\t<\/span>\n\t\t\t<\/div>\n\t\t\t\n\t\t\t\t\t\t<div class=\"elementor-icon-box-content\">\n\n\t\t\t\t\t\t\t\t\t<h3 class=\"elementor-icon-box-title\">\n\t\t\t\t\t\t<span  >\n\t\t\t\t\t\t\t<b>BANCS I TAULES PER A LA RECONSTRUCCI\u00d3<\/b> | CENTRO DE F.P. XABEC | VALENCIA\t\t\t\t\t\t<\/span>\n\t\t\t\t\t<\/h3>\n\t\t\t\t\n\t\t\t\t\t\t\t\t\t<p class=\"elementor-icon-box-description\">\n\t\t\t\t\t\tEls estudiants del cicle de Soldadura i Caldereria fabricaran mobiliari resistent i sostenible destinat al Col\u00b7legi Maria Immaculada d'Alfafar, greument afectat per la dana.\t\t\t\t\t<\/p>\n\t\t\t\t\n\t\t\t<\/div>\n\t\t\t\n\t\t<\/div>\n\t\t\t\t\t\t<\/div>\n\t\t\t\t<\/div>\n\t\t\t\t<\/div>\n\t\t<div class=\"elementor-element elementor-element-ba6bb95 e-con-full e-flex e-con e-child\" data-id=\"ba6bb95\" data-element_type=\"container\">\n\t\t\t\t<div class=\"elementor-element elementor-element-29aafec elementor-view-framed elementor-position-left elementor-shape-circle elementor-mobile-position-top elementor-widget elementor-widget-icon-box\" data-id=\"29aafec\" data-element_type=\"widget\" data-widget_type=\"icon-box.default\">\n\t\t\t\t<div class=\"elementor-widget-container\">\n\t\t\t\t\t\t\t<div class=\"elementor-icon-box-wrapper\">\n\n\t\t\t\t\t\t<div class=\"elementor-icon-box-icon\">\n\t\t\t\t<span  class=\"elementor-icon\">\n\t\t\t\t<svg aria-hidden=\"true\" class=\"e-font-icon-svg e-fas-chevron-right\" viewBox=\"0 0 320 512\" xmlns=\"http:\/\/www.w3.org\/2000\/svg\"><path d=\"M285.476 272.971L91.132 467.314c-9.373 9.373-24.569 9.373-33.941 0l-22.667-22.667c-9.357-9.357-9.375-24.522-.04-33.901L188.505 256 34.484 101.255c-9.335-9.379-9.317-24.544.04-33.901l22.667-22.667c9.373-9.373 24.569-9.373 33.941 0L285.475 239.03c9.373 9.372 9.373 24.568.001 33.941z\"><\/path><\/svg>\t\t\t\t<\/span>\n\t\t\t<\/div>\n\t\t\t\n\t\t\t\t\t\t<div class=\"elementor-icon-box-content\">\n\n\t\t\t\t\t\t\t\t\t<h3 class=\"elementor-icon-box-title\">\n\t\t\t\t\t\t<span  >\n\t\t\t\t\t\t\t<b>CONVIU<\/b> | IES CONSELLERIA | VALENCIA\t\t\t\t\t\t<\/span>\n\t\t\t\t\t<\/h3>\n\t\t\t\t\n\t\t\t\t\t\t\t\t\t<p class=\"elementor-icon-box-description\">\n\t\t\t\t\t\tL'alumnat de grau mitj\u00e0 de Sistemes Microinform\u00e0tics i Xarxes promour\u00e0 la reutilitzaci\u00f3 d'ordinadors en des\u00fas, reparant i posant a punt dispositius que seran lliurats a persones de l'Horta Sud, en col\u00b7laboraci\u00f3 amb la Fundaci\u00f3 Altius.\t\t\t\t\t<\/p>\n\t\t\t\t\n\t\t\t<\/div>\n\t\t\t\n\t\t<\/div>\n\t\t\t\t\t\t<\/div>\n\t\t\t\t<\/div>\n\t\t\t\t<\/div>\n\t\t<div class=\"elementor-element elementor-element-a33f3b8 e-con-full e-flex e-con e-child\" data-id=\"a33f3b8\" data-element_type=\"container\">\n\t\t\t\t<div class=\"elementor-element elementor-element-4407b6e elementor-view-framed elementor-position-left elementor-shape-circle elementor-mobile-position-top elementor-widget elementor-widget-icon-box\" data-id=\"4407b6e\" data-element_type=\"widget\" data-widget_type=\"icon-box.default\">\n\t\t\t\t<div class=\"elementor-widget-container\">\n\t\t\t\t\t\t\t<div class=\"elementor-icon-box-wrapper\">\n\n\t\t\t\t\t\t<div class=\"elementor-icon-box-icon\">\n\t\t\t\t<span  class=\"elementor-icon\">\n\t\t\t\t<svg aria-hidden=\"true\" class=\"e-font-icon-svg e-fas-chevron-right\" viewBox=\"0 0 320 512\" xmlns=\"http:\/\/www.w3.org\/2000\/svg\"><path d=\"M285.476 272.971L91.132 467.314c-9.373 9.373-24.569 9.373-33.941 0l-22.667-22.667c-9.357-9.357-9.375-24.522-.04-33.901L188.505 256 34.484 101.255c-9.335-9.379-9.317-24.544.04-33.901l22.667-22.667c9.373-9.373 24.569-9.373 33.941 0L285.475 239.03c9.373 9.372 9.373 24.568.001 33.941z\"><\/path><\/svg>\t\t\t\t<\/span>\n\t\t\t<\/div>\n\t\t\t\n\t\t\t\t\t\t<div class=\"elementor-icon-box-content\">\n\n\t\t\t\t\t\t\t\t\t<h3 class=\"elementor-icon-box-title\">\n\t\t\t\t\t\t<span  >\n\t\t\t\t\t\t\t<b>MOBILITAT SOSTENIBLE I RECONSTRUCCI\u00d3<\/b> | CIPFP CIUTAT DE L'APRENENT | VALENCIA\t\t\t\t\t\t<\/span>\n\t\t\t\t\t<\/h3>\n\t\t\t\t\n\t\t\t\t\t\t\t\t\t<p class=\"elementor-icon-box-description\">\n\t\t\t\t\t\tAbordar\u00e0 la fabricaci\u00f3 i instal\u00b7laci\u00f3 d'aparca-bicis i aparca-patinets a centres educatius afectats per la dana, combinant formaci\u00f3 t\u00e8cnica en soldadura i mecanitzat amb un servici a la comunitat que promou la mobilitat activa, la sostenibilitat i la reconstrucci\u00f3 d'infraestructures escolars.\t\t\t\t\t<\/p>\n\t\t\t\t\n\t\t\t<\/div>\n\t\t\t\n\t\t<\/div>\n\t\t\t\t\t\t<\/div>\n\t\t\t\t<\/div>\n\t\t\t\t<\/div>\n\t\t<div class=\"elementor-element elementor-element-eab6889 e-con-full e-flex e-con e-child\" data-id=\"eab6889\" data-element_type=\"container\">\n\t\t\t\t<div class=\"elementor-element elementor-element-a98d611 elementor-view-framed elementor-position-left elementor-shape-circle elementor-mobile-position-top elementor-widget elementor-widget-icon-box\" data-id=\"a98d611\" data-element_type=\"widget\" data-widget_type=\"icon-box.default\">\n\t\t\t\t<div class=\"elementor-widget-container\">\n\t\t\t\t\t\t\t<div class=\"elementor-icon-box-wrapper\">\n\n\t\t\t\t\t\t<div class=\"elementor-icon-box-icon\">\n\t\t\t\t<span  class=\"elementor-icon\">\n\t\t\t\t<svg aria-hidden=\"true\" class=\"e-font-icon-svg e-fas-chevron-right\" viewBox=\"0 0 320 512\" xmlns=\"http:\/\/www.w3.org\/2000\/svg\"><path d=\"M285.476 272.971L91.132 467.314c-9.373 9.373-24.569 9.373-33.941 0l-22.667-22.667c-9.357-9.357-9.375-24.522-.04-33.901L188.505 256 34.484 101.255c-9.335-9.379-9.317-24.544.04-33.901l22.667-22.667c9.373-9.373 24.569-9.373 33.941 0L285.475 239.03c9.373 9.372 9.373 24.568.001 33.941z\"><\/path><\/svg>\t\t\t\t<\/span>\n\t\t\t<\/div>\n\t\t\t\n\t\t\t\t\t\t<div class=\"elementor-icon-box-content\">\n\n\t\t\t\t\t\t\t\t\t<h3 class=\"elementor-icon-box-title\">\n\t\t\t\t\t\t<span  >\n\t\t\t\t\t\t\t<b>CONTES QUE RECONSTRUIXEN<\/b> | IES SOROLLA | VALENCIA\t\t\t\t\t\t<\/span>\n\t\t\t\t\t<\/h3>\n\t\t\t\t\n\t\t\t\t\t\t\t\t\t<p class=\"elementor-icon-box-description\">\n\t\t\t\t\t\tL'alumnat del cicle d'Educaci\u00f3 Infantil dissenyar\u00e0 i implementar\u00e0 activitats d'acompanyament emocional per a nenes i nens de 2 a 3 anys afectats per la dana a l'Escola Infantil Infants de Picanya. La idea \u00e9s aplicar la literatura infantil com a eina d'expressi\u00f3 i resili\u00e8ncia.<br> \t\t\t\t\t<\/p>\n\t\t\t\t\n\t\t\t<\/div>\n\t\t\t\n\t\t<\/div>\n\t\t\t\t\t\t<\/div>\n\t\t\t\t<\/div>\n\t\t\t\t<\/div>\n\t\t<div class=\"elementor-element elementor-element-2766644 e-con-full e-flex e-con e-child\" data-id=\"2766644\" data-element_type=\"container\">\n\t\t\t\t<div class=\"elementor-element elementor-element-fb220ca elementor-view-framed elementor-position-left elementor-shape-circle elementor-mobile-position-top elementor-widget elementor-widget-icon-box\" data-id=\"fb220ca\" data-element_type=\"widget\" data-widget_type=\"icon-box.default\">\n\t\t\t\t<div class=\"elementor-widget-container\">\n\t\t\t\t\t\t\t<div class=\"elementor-icon-box-wrapper\">\n\n\t\t\t\t\t\t<div class=\"elementor-icon-box-icon\">\n\t\t\t\t<span  class=\"elementor-icon\">\n\t\t\t\t<svg aria-hidden=\"true\" class=\"e-font-icon-svg e-fas-chevron-right\" viewBox=\"0 0 320 512\" xmlns=\"http:\/\/www.w3.org\/2000\/svg\"><path d=\"M285.476 272.971L91.132 467.314c-9.373 9.373-24.569 9.373-33.941 0l-22.667-22.667c-9.357-9.357-9.375-24.522-.04-33.901L188.505 256 34.484 101.255c-9.335-9.379-9.317-24.544.04-33.901l22.667-22.667c9.373-9.373 24.569-9.373 33.941 0L285.475 239.03c9.373 9.372 9.373 24.568.001 33.941z\"><\/path><\/svg>\t\t\t\t<\/span>\n\t\t\t<\/div>\n\t\t\t\n\t\t\t\t\t\t<div class=\"elementor-icon-box-content\">\n\n\t\t\t\t\t\t\t\t\t<h3 class=\"elementor-icon-box-title\">\n\t\t\t\t\t\t<span  >\n\t\t\t\t\t\t\t<b>QU\u00c8 VA PASSAR DESPR\u00c9S DE LA DANA?<\/b> | IES EL QUINT | RIBA-ROJA DE T\u00daRIA\t\t\t\t\t\t<\/span>\n\t\t\t\t\t<\/h3>\n\t\t\t\t\n\t\t\t\t\t\t\t\t\t<p class=\"elementor-icon-box-description\">\n\t\t\t\t\t\tL'alumnat del cicle d'Agroecologia desenvolupar\u00e0 un projecte de recuperaci\u00f3 de l\u00b4ecosistema fluvial del riu T\u00faria, combinant an\u00e0lisis de s\u00f2l, aigua i vegetaci\u00f3 amb campanyes de sensibilitzaci\u00f3 ambiental.\t\t\t\t\t<\/p>\n\t\t\t\t\n\t\t\t<\/div>\n\t\t\t\n\t\t<\/div>\n\t\t\t\t\t\t<\/div>\n\t\t\t\t<\/div>\n\t\t\t\t<\/div>\n\t\t<div class=\"elementor-element elementor-element-0009e2b e-con-full e-flex e-con e-child\" data-id=\"0009e2b\" data-element_type=\"container\">\n\t\t\t\t<div class=\"elementor-element elementor-element-5947cfe elementor-view-framed elementor-position-left elementor-shape-circle elementor-mobile-position-top elementor-widget elementor-widget-icon-box\" data-id=\"5947cfe\" data-element_type=\"widget\" data-widget_type=\"icon-box.default\">\n\t\t\t\t<div class=\"elementor-widget-container\">\n\t\t\t\t\t\t\t<div class=\"elementor-icon-box-wrapper\">\n\n\t\t\t\t\t\t<div class=\"elementor-icon-box-icon\">\n\t\t\t\t<span  class=\"elementor-icon\">\n\t\t\t\t<svg aria-hidden=\"true\" class=\"e-font-icon-svg e-fas-chevron-right\" viewBox=\"0 0 320 512\" xmlns=\"http:\/\/www.w3.org\/2000\/svg\"><path d=\"M285.476 272.971L91.132 467.314c-9.373 9.373-24.569 9.373-33.941 0l-22.667-22.667c-9.357-9.357-9.375-24.522-.04-33.901L188.505 256 34.484 101.255c-9.335-9.379-9.317-24.544.04-33.901l22.667-22.667c9.373-9.373 24.569-9.373 33.941 0L285.475 239.03c9.373 9.372 9.373 24.568.001 33.941z\"><\/path><\/svg>\t\t\t\t<\/span>\n\t\t\t<\/div>\n\t\t\t\n\t\t\t\t\t\t<div class=\"elementor-icon-box-content\">\n\n\t\t\t\t\t\t\t\t\t<h3 class=\"elementor-icon-box-title\">\n\t\t\t\t\t\t<span  >\n\t\t\t\t\t\t\t<b>HIST\u00d2RIES QUE SANEN: EL PODER HUM\u00c0 DESPR\u00c9S DE LA DANA<\/b> | ESCUELAS FAMILIARES AGRARIAS TORREALDUA | LLOMBAI\t\t\t\t\t\t<\/span>\n\t\t\t\t\t<\/h3>\n\t\t\t\t\n\t\t\t\t\t\t\t\t\t<p class=\"elementor-icon-box-description\">\n\t\t\t\t\t\tL'alumnat del cicle d'atenci\u00f3 a persones en situaci\u00f3 de depend\u00e8ncia crear\u00e0 un llibre amb testimonis reals de superaci\u00f3 emocional, amb l'objectiu de sensibilitzar els lectors sobre salut mental i recaptar fons per a servicis socials locals.\t\t\t\t\t<\/p>\n\t\t\t\t\n\t\t\t<\/div>\n\t\t\t\n\t\t<\/div>\n\t\t\t\t\t\t<\/div>\n\t\t\t\t<\/div>\n\t\t\t\t<\/div>\n\t\t<div class=\"elementor-element elementor-element-49b238b e-con-full e-flex e-con e-child\" data-id=\"49b238b\" data-element_type=\"container\">\n\t\t\t\t<div class=\"elementor-element elementor-element-8e75312 elementor-view-framed elementor-position-left elementor-shape-circle elementor-mobile-position-top elementor-widget elementor-widget-icon-box\" data-id=\"8e75312\" data-element_type=\"widget\" data-widget_type=\"icon-box.default\">\n\t\t\t\t<div class=\"elementor-widget-container\">\n\t\t\t\t\t\t\t<div class=\"elementor-icon-box-wrapper\">\n\n\t\t\t\t\t\t<div class=\"elementor-icon-box-icon\">\n\t\t\t\t<span  class=\"elementor-icon\">\n\t\t\t\t<svg aria-hidden=\"true\" class=\"e-font-icon-svg e-fas-chevron-right\" viewBox=\"0 0 320 512\" xmlns=\"http:\/\/www.w3.org\/2000\/svg\"><path d=\"M285.476 272.971L91.132 467.314c-9.373 9.373-24.569 9.373-33.941 0l-22.667-22.667c-9.357-9.357-9.375-24.522-.04-33.901L188.505 256 34.484 101.255c-9.335-9.379-9.317-24.544.04-33.901l22.667-22.667c9.373-9.373 24.569-9.373 33.941 0L285.475 239.03c9.373 9.372 9.373 24.568.001 33.941z\"><\/path><\/svg>\t\t\t\t<\/span>\n\t\t\t<\/div>\n\t\t\t\n\t\t\t\t\t\t<div class=\"elementor-icon-box-content\">\n\n\t\t\t\t\t\t\t\t\t<h3 class=\"elementor-icon-box-title\">\n\t\t\t\t\t\t<span  >\n\t\t\t\t\t\t\t<b>VEUS DE LA DANA<\/b> | IES ENRIC SOLER I GODES | BENIFAIO\t\t\t\t\t\t<\/span>\n\t\t\t\t\t<\/h3>\n\t\t\t\t\n\t\t\t\t\t\t\t\t\t<p class=\"elementor-icon-box-description\">\n\t\t\t\t\t\tL'alumnat de FP b\u00e0sica produir\u00e0 un documental audiovisual que recull testimonis de la comunitat educativa dAlgemes\u00ed sobre limpacte emocional i social de la dana. L'objectiu \u00e9s fomentar la mem\u00f2ria col\u00b7lectiva i l'empatia. \t\t\t\t\t<\/p>\n\t\t\t\t\n\t\t\t<\/div>\n\t\t\t\n\t\t<\/div>\n\t\t\t\t\t\t<\/div>\n\t\t\t\t<\/div>\n\t\t\t\t<\/div>\n\t\t<div class=\"elementor-element elementor-element-d54d9c4 e-con-full e-flex e-con e-child\" data-id=\"d54d9c4\" data-element_type=\"container\">\n\t\t\t\t<div class=\"elementor-element elementor-element-61e8985 elementor-view-framed elementor-position-left elementor-shape-circle elementor-mobile-position-top elementor-widget elementor-widget-icon-box\" data-id=\"61e8985\" data-element_type=\"widget\" data-widget_type=\"icon-box.default\">\n\t\t\t\t<div class=\"elementor-widget-container\">\n\t\t\t\t\t\t\t<div class=\"elementor-icon-box-wrapper\">\n\n\t\t\t\t\t\t<div class=\"elementor-icon-box-icon\">\n\t\t\t\t<span  class=\"elementor-icon\">\n\t\t\t\t<svg aria-hidden=\"true\" class=\"e-font-icon-svg e-fas-chevron-right\" viewBox=\"0 0 320 512\" xmlns=\"http:\/\/www.w3.org\/2000\/svg\"><path d=\"M285.476 272.971L91.132 467.314c-9.373 9.373-24.569 9.373-33.941 0l-22.667-22.667c-9.357-9.357-9.375-24.522-.04-33.901L188.505 256 34.484 101.255c-9.335-9.379-9.317-24.544.04-33.901l22.667-22.667c9.373-9.373 24.569-9.373 33.941 0L285.475 239.03c9.373 9.372 9.373 24.568.001 33.941z\"><\/path><\/svg>\t\t\t\t<\/span>\n\t\t\t<\/div>\n\t\t\t\n\t\t\t\t\t\t<div class=\"elementor-icon-box-content\">\n\n\t\t\t\t\t\t\t\t\t<h3 class=\"elementor-icon-box-title\">\n\t\t\t\t\t\t<span  >\n\t\t\t\t\t\t\t<b>RECUPERACI\u00d3 DE DADES I EQUIPAMENT<\/b> | IES JAUME II EL JUST | TAVERNES DE LA VALLDIGNA\t\t\t\t\t\t<\/span>\n\t\t\t\t\t<\/h3>\n\t\t\t\t\n\t\t\t\t\t\t\t\t\t<p class=\"elementor-icon-box-description\">\n\t\t\t\t\t\tEls estudiants del CFGB, CFGM i CETI oferiran un servici t\u00e8cnic solidari de recuperaci\u00f3 d'informaci\u00f3 i reparaci\u00f3 de dispositius danyats per la dana, implicant l'alumnat en tasques reals, amb impacte social i mediambiental.\t\t\t\t\t<\/p>\n\t\t\t\t\n\t\t\t<\/div>\n\t\t\t\n\t\t<\/div>\n\t\t\t\t\t\t<\/div>\n\t\t\t\t<\/div>\n\t\t\t\t<\/div>\n\t\t<div class=\"elementor-element elementor-element-2ddc1ba e-con-full e-flex e-con e-child\" data-id=\"2ddc1ba\" data-element_type=\"container\">\n\t\t\t\t<div class=\"elementor-element elementor-element-0c7de5a elementor-view-framed elementor-position-left elementor-shape-circle elementor-mobile-position-top elementor-widget elementor-widget-icon-box\" data-id=\"0c7de5a\" data-element_type=\"widget\" data-widget_type=\"icon-box.default\">\n\t\t\t\t<div class=\"elementor-widget-container\">\n\t\t\t\t\t\t\t<div class=\"elementor-icon-box-wrapper\">\n\n\t\t\t\t\t\t<div class=\"elementor-icon-box-icon\">\n\t\t\t\t<span  class=\"elementor-icon\">\n\t\t\t\t<svg aria-hidden=\"true\" class=\"e-font-icon-svg e-fas-chevron-right\" viewBox=\"0 0 320 512\" xmlns=\"http:\/\/www.w3.org\/2000\/svg\"><path d=\"M285.476 272.971L91.132 467.314c-9.373 9.373-24.569 9.373-33.941 0l-22.667-22.667c-9.357-9.357-9.375-24.522-.04-33.901L188.505 256 34.484 101.255c-9.335-9.379-9.317-24.544.04-33.901l22.667-22.667c9.373-9.373 24.569-9.373 33.941 0L285.475 239.03c9.373 9.372 9.373 24.568.001 33.941z\"><\/path><\/svg>\t\t\t\t<\/span>\n\t\t\t<\/div>\n\t\t\t\n\t\t\t\t\t\t<div class=\"elementor-icon-box-content\">\n\n\t\t\t\t\t\t\t\t\t<h3 class=\"elementor-icon-box-title\">\n\t\t\t\t\t\t<span  >\n\t\t\t\t\t\t\t<b>TORNEM A JUGAR ALS CARRERS<\/b> | CIPFP CIUTAT DE L'APRENENT | VALENCIA\t\t\t\t\t\t<\/span>\n\t\t\t\t\t<\/h3>\n\t\t\t\t\n\t\t\t\t\t\t\t\t\t<p class=\"elementor-icon-box-description\">\n\t\t\t\t\t\tAlumnes del cicle de grau mitj\u00e0 d'instal\u00b7laci\u00f3 i moblament, juntament amb el CEE Professor Sebasti\u00e1n Burgos, dissenyaran i fabricaran jocs tradicionals sostenibles per a espais p\u00fablics de municipis afectats, amb l'objectiu de reconstruir vincles comunitaris i fomentar la inclusi\u00f3 social a trav\u00e9s del joc.\t\t\t\t\t<\/p>\n\t\t\t\t\n\t\t\t<\/div>\n\t\t\t\n\t\t<\/div>\n\t\t\t\t\t\t<\/div>\n\t\t\t\t<\/div>\n\t\t\t\t<\/div>\n\t\t<div class=\"elementor-element elementor-element-a5345ff e-con-full e-flex e-con e-child\" data-id=\"a5345ff\" data-element_type=\"container\">\n\t\t\t\t<div class=\"elementor-element elementor-element-9551822 elementor-view-framed elementor-position-left elementor-shape-circle elementor-mobile-position-top elementor-widget elementor-widget-icon-box\" data-id=\"9551822\" data-element_type=\"widget\" data-widget_type=\"icon-box.default\">\n\t\t\t\t<div class=\"elementor-widget-container\">\n\t\t\t\t\t\t\t<div class=\"elementor-icon-box-wrapper\">\n\n\t\t\t\t\t\t<div class=\"elementor-icon-box-icon\">\n\t\t\t\t<span  class=\"elementor-icon\">\n\t\t\t\t<svg aria-hidden=\"true\" class=\"e-font-icon-svg e-fas-chevron-right\" viewBox=\"0 0 320 512\" xmlns=\"http:\/\/www.w3.org\/2000\/svg\"><path d=\"M285.476 272.971L91.132 467.314c-9.373 9.373-24.569 9.373-33.941 0l-22.667-22.667c-9.357-9.357-9.375-24.522-.04-33.901L188.505 256 34.484 101.255c-9.335-9.379-9.317-24.544.04-33.901l22.667-22.667c9.373-9.373 24.569-9.373 33.941 0L285.475 239.03c9.373 9.372 9.373 24.568.001 33.941z\"><\/path><\/svg>\t\t\t\t<\/span>\n\t\t\t<\/div>\n\t\t\t\n\t\t\t\t\t\t<div class=\"elementor-icon-box-content\">\n\n\t\t\t\t\t\t\t\t\t<h3 class=\"elementor-icon-box-title\">\n\t\t\t\t\t\t<span  >\n\t\t\t\t\t\t\t<b>CUIDAR \u00c9S RECONSTRUIR<\/b> | CIPFP CIUTAT DE L'APRENENT | VALENCIA\t\t\t\t\t\t<\/span>\n\t\t\t\t\t<\/h3>\n\t\t\t\t\n\t\t\t\t\t\t\t\t\t<p class=\"elementor-icon-box-description\">\n\t\t\t\t\t\tL'alumnat del grau d'Estilisme i Direcci\u00f3 de Perruqueria oferir\u00e0 servicis gratu\u00efts de perruqueria a persones damnificades, i promour\u00e0 el benestar emocional i l'autoestima a trav\u00e9s de la cura personal, en col\u00b7laboraci\u00f3 amb entitats socials.\t\t\t\t\t<\/p>\n\t\t\t\t\n\t\t\t<\/div>\n\t\t\t\n\t\t<\/div>\n\t\t\t\t\t\t<\/div>\n\t\t\t\t<\/div>\n\t\t\t\t<\/div>\n\t\t<div class=\"elementor-element elementor-element-95840f1 e-con-full e-flex e-con e-child\" data-id=\"95840f1\" data-element_type=\"container\">\n\t\t\t\t<div class=\"elementor-element elementor-element-23ff836 elementor-view-framed elementor-position-left elementor-shape-circle elementor-mobile-position-top elementor-widget elementor-widget-icon-box\" data-id=\"23ff836\" data-element_type=\"widget\" data-widget_type=\"icon-box.default\">\n\t\t\t\t<div class=\"elementor-widget-container\">\n\t\t\t\t\t\t\t<div class=\"elementor-icon-box-wrapper\">\n\n\t\t\t\t\t\t<div class=\"elementor-icon-box-icon\">\n\t\t\t\t<span  class=\"elementor-icon\">\n\t\t\t\t<svg aria-hidden=\"true\" class=\"e-font-icon-svg e-fas-chevron-right\" viewBox=\"0 0 320 512\" xmlns=\"http:\/\/www.w3.org\/2000\/svg\"><path d=\"M285.476 272.971L91.132 467.314c-9.373 9.373-24.569 9.373-33.941 0l-22.667-22.667c-9.357-9.357-9.375-24.522-.04-33.901L188.505 256 34.484 101.255c-9.335-9.379-9.317-24.544.04-33.901l22.667-22.667c9.373-9.373 24.569-9.373 33.941 0L285.475 239.03c9.373 9.372 9.373 24.568.001 33.941z\"><\/path><\/svg>\t\t\t\t<\/span>\n\t\t\t<\/div>\n\t\t\t\n\t\t\t\t\t\t<div class=\"elementor-icon-box-content\">\n\n\t\t\t\t\t\t\t\t\t<h3 class=\"elementor-icon-box-title\">\n\t\t\t\t\t\t<span  >\n\t\t\t\t\t\t\t<b>ESPAIS PER A LA INF\u00c0NCIA <\/b>| CIPFP CIUTAT DE L'APRENENT | VALENCIA\t\t\t\t\t\t<\/span>\n\t\t\t\t\t<\/h3>\n\t\t\t\t\n\t\t\t\t\t\t\t\t\t<p class=\"elementor-icon-box-description\">\n\t\t\t\t\t\tEls estudiants del cicle formatiu de grau mitj\u00e0 de Postimpressi\u00f3 i acabats gr\u00e0fics, juntament amb Florida Universit\u00e0ria i els centres educatius CEI Ausi\u00e0s March i CIP Llu\u00eds Vives de Massanassa, transformaran els barracons escolars en entorns saludables i estimulants, mitjan\u00e7ant intervencions gr\u00e0fiques i pedag\u00f2giques que afavoreixin l'aprenentatge i el joc a la inf\u00e0ncia.\t\t\t\t\t<\/p>\n\t\t\t\t\n\t\t\t<\/div>\n\t\t\t\n\t\t<\/div>\n\t\t\t\t\t\t<\/div>\n\t\t\t\t<\/div>\n\t\t\t\t<\/div>\n\t\t<div class=\"elementor-element elementor-element-81df228 e-con-full e-flex e-con e-child\" data-id=\"81df228\" data-element_type=\"container\">\n\t\t\t\t<div class=\"elementor-element elementor-element-57ed543 elementor-view-framed elementor-position-left elementor-shape-circle elementor-mobile-position-top elementor-widget elementor-widget-icon-box\" data-id=\"57ed543\" data-element_type=\"widget\" data-widget_type=\"icon-box.default\">\n\t\t\t\t<div class=\"elementor-widget-container\">\n\t\t\t\t\t\t\t<div class=\"elementor-icon-box-wrapper\">\n\n\t\t\t\t\t\t<div class=\"elementor-icon-box-icon\">\n\t\t\t\t<span  class=\"elementor-icon\">\n\t\t\t\t<svg aria-hidden=\"true\" class=\"e-font-icon-svg e-fas-chevron-right\" viewBox=\"0 0 320 512\" xmlns=\"http:\/\/www.w3.org\/2000\/svg\"><path d=\"M285.476 272.971L91.132 467.314c-9.373 9.373-24.569 9.373-33.941 0l-22.667-22.667c-9.357-9.357-9.375-24.522-.04-33.901L188.505 256 34.484 101.255c-9.335-9.379-9.317-24.544.04-33.901l22.667-22.667c9.373-9.373 24.569-9.373 33.941 0L285.475 239.03c9.373 9.372 9.373 24.568.001 33.941z\"><\/path><\/svg>\t\t\t\t<\/span>\n\t\t\t<\/div>\n\t\t\t\n\t\t\t\t\t\t<div class=\"elementor-icon-box-content\">\n\n\t\t\t\t\t\t\t\t\t<h3 class=\"elementor-icon-box-title\">\n\t\t\t\t\t\t<span  >\n\t\t\t\t\t\t\t<b>RESIL\u00c8NCIA DIGITAL: REUTILIZA, REPARA, RECONSTRUYE<\/b> | IES RAM\u00d3N ESTEVE | CATADAU\t\t\t\t\t\t<\/span>\n\t\t\t\t\t<\/h3>\n\t\t\t\t\n\t\t\t\t\t\t\t\t\t<p class=\"elementor-icon-box-description\">\n\t\t\t\t\t\tEls estudiants del cicle de Sistemes Microinform\u00e0tics i Xarxes impulsaran la recuperaci\u00f3 d'equips inform\u00e0tics danyats per la dana a centres educatius, biblioteques i llars. Diagnosticaran, repararan i recondicionaran ordinadors per reduir la bretxa digital i fomentar l'economia circular. \t\t\t\t\t<\/p>\n\t\t\t\t\n\t\t\t<\/div>\n\t\t\t\n\t\t<\/div>\n\t\t\t\t\t\t<\/div>\n\t\t\t\t<\/div>\n\t\t\t\t<\/div>\n\t\t<div class=\"elementor-element elementor-element-14a8b16 e-con-full e-flex e-con e-child\" data-id=\"14a8b16\" data-element_type=\"container\">\n\t\t\t\t<div class=\"elementor-element elementor-element-bed9464 elementor-view-framed elementor-position-left elementor-shape-circle elementor-mobile-position-top elementor-widget elementor-widget-icon-box\" data-id=\"bed9464\" data-element_type=\"widget\" data-widget_type=\"icon-box.default\">\n\t\t\t\t<div class=\"elementor-widget-container\">\n\t\t\t\t\t\t\t<div class=\"elementor-icon-box-wrapper\">\n\n\t\t\t\t\t\t<div class=\"elementor-icon-box-icon\">\n\t\t\t\t<span  class=\"elementor-icon\">\n\t\t\t\t<svg aria-hidden=\"true\" class=\"e-font-icon-svg e-fas-chevron-right\" viewBox=\"0 0 320 512\" xmlns=\"http:\/\/www.w3.org\/2000\/svg\"><path d=\"M285.476 272.971L91.132 467.314c-9.373 9.373-24.569 9.373-33.941 0l-22.667-22.667c-9.357-9.357-9.375-24.522-.04-33.901L188.505 256 34.484 101.255c-9.335-9.379-9.317-24.544.04-33.901l22.667-22.667c9.373-9.373 24.569-9.373 33.941 0L285.475 239.03c9.373 9.372 9.373 24.568.001 33.941z\"><\/path><\/svg>\t\t\t\t<\/span>\n\t\t\t<\/div>\n\t\t\t\n\t\t\t\t\t\t<div class=\"elementor-icon-box-content\">\n\n\t\t\t\t\t\t\t\t\t<h3 class=\"elementor-icon-box-title\">\n\t\t\t\t\t\t<span  >\n\t\t\t\t\t\t\t<b>REFENT ESPAIS, CONSTRUINT FUTUR<\/b> | CIPFP CIUTAT DE L'APRENENT | VALENCIA\t\t\t\t\t\t<\/span>\n\t\t\t\t\t<\/h3>\n\t\t\t\t\n\t\t\t\t\t\t\t\t\t<p class=\"elementor-icon-box-description\">\n\t\t\t\t\t\tAquest projecte proposa l'adequaci\u00f3 del pati del centre IES 25 d\u00b4Abril de la localitat d\u00b4Alfafar, danyat per la dana, mitjan\u00e7ant la intervenci\u00f3 de l\u00b4alumnat d\u00b4Edificaci\u00f3 i Obra Civil, que aplicar\u00e0 els seus coneixements t\u00e8cnics en un entorn real, promovent l\u00b4accessibilitat, la sostenibilitat i la participaci\u00f3 comunit\u00e0ria.\t\t\t\t\t<\/p>\n\t\t\t\t\n\t\t\t<\/div>\n\t\t\t\n\t\t<\/div>\n\t\t\t\t\t\t<\/div>\n\t\t\t\t<\/div>\n\t\t\t\t<\/div>\n\t\t<div class=\"elementor-element elementor-element-530d0f4 e-con-full e-flex e-con e-child\" data-id=\"530d0f4\" data-element_type=\"container\">\n\t\t\t\t<div class=\"elementor-element elementor-element-6e3ac4d elementor-view-framed elementor-position-left elementor-shape-circle elementor-mobile-position-top elementor-widget elementor-widget-icon-box\" data-id=\"6e3ac4d\" data-element_type=\"widget\" data-widget_type=\"icon-box.default\">\n\t\t\t\t<div class=\"elementor-widget-container\">\n\t\t\t\t\t\t\t<div class=\"elementor-icon-box-wrapper\">\n\n\t\t\t\t\t\t<div class=\"elementor-icon-box-icon\">\n\t\t\t\t<span  class=\"elementor-icon\">\n\t\t\t\t<svg aria-hidden=\"true\" class=\"e-font-icon-svg e-fas-chevron-right\" viewBox=\"0 0 320 512\" xmlns=\"http:\/\/www.w3.org\/2000\/svg\"><path d=\"M285.476 272.971L91.132 467.314c-9.373 9.373-24.569 9.373-33.941 0l-22.667-22.667c-9.357-9.357-9.375-24.522-.04-33.901L188.505 256 34.484 101.255c-9.335-9.379-9.317-24.544.04-33.901l22.667-22.667c9.373-9.373 24.569-9.373 33.941 0L285.475 239.03c9.373 9.372 9.373 24.568.001 33.941z\"><\/path><\/svg>\t\t\t\t<\/span>\n\t\t\t<\/div>\n\t\t\t\n\t\t\t\t\t\t<div class=\"elementor-icon-box-content\">\n\n\t\t\t\t\t\t\t\t\t<h3 class=\"elementor-icon-box-title\">\n\t\t\t\t\t\t<span  >\n\t\t\t\t\t\t\t<b>TORNAR A ENCENDRE<\/b> | IES SIVERA FONT | CANALS\t\t\t\t\t\t<\/span>\n\t\t\t\t\t<\/h3>\n\t\t\t\t\n\t\t\t\t\t\t\t\t\t<p class=\"elementor-icon-box-description\">\n\t\t\t\t\t\tL'alumnat del cicle de Sistemes Microinform\u00e0tics i Xarxes recuperar\u00e0 i recondicionar\u00e0 dispositius electr\u00f2nics danyats per la dana, amb l'objectiu de reduir la bretxa digital entre comunitats afectades i fomentar l'economia circular en aquestes \u00e0rees.\t\t\t\t\t<\/p>\n\t\t\t\t\n\t\t\t<\/div>\n\t\t\t\n\t\t<\/div>\n\t\t\t\t\t\t<\/div>\n\t\t\t\t<\/div>\n\t\t\t\t<\/div>\n\t\t\t\t<\/div>\n\t\t\t\t<div class=\"elementor-element elementor-element-95f2601 elementor-widget elementor-widget-heading\" data-id=\"95f2601\" data-element_type=\"widget\" data-widget_type=\"heading.default\">\n\t\t\t\t<div class=\"elementor-widget-container\">\n\t\t\t\t\t<h2 class=\"elementor-heading-title elementor-size-default\">Llista completa de projectes seleccionats<\/h2>\t\t\t\t<\/div>\n\t\t\t\t<\/div>\n\t\t\t\t<\/div>\n\t\t\t\t<\/div>\n\t\t\t\t<\/div>\n\t\t<div class=\"elementor-element elementor-element-5b5468b e-con-full e-flex e-con e-parent\" data-id=\"5b5468b\" data-element_type=\"container\">\n\t\t<div class=\"elementor-element elementor-element-9f07276 e-con-full e-flex e-con e-child\" data-id=\"9f07276\" data-element_type=\"container\" data-settings=\"{&quot;background_background&quot;:&quot;classic&quot;}\">\n\t\t\t\t<\/div>\n\t\t<div class=\"elementor-element elementor-element-9706512 e-con-full e-flex e-con e-child\" data-id=\"9706512\" data-element_type=\"container\">\n\t\t<div class=\"elementor-element elementor-element-cd79898 e-con-full e-flex e-con e-child\" data-id=\"cd79898\" data-element_type=\"container\">\n\t\t\t\t<div class=\"elementor-element elementor-element-8e5a950 elementor-widget elementor-widget-heading\" data-id=\"8e5a950\" data-element_type=\"widget\" data-widget_type=\"heading.default\">\n\t\t\t\t<div class=\"elementor-widget-container\">\n\t\t\t\t\t<h2 class=\"elementor-heading-title elementor-size-default\">En qu\u00e8 consisteix la convocat\u00f2ria?<\/h2>\t\t\t\t<\/div>\n\t\t\t\t<\/div>\n\t\t\t\t<div class=\"elementor-element elementor-element-1a78ad7 elementor-widget elementor-widget-text-editor\" data-id=\"1a78ad7\" data-element_type=\"widget\" data-widget_type=\"text-editor.default\">\n\t\t\t\t<div class=\"elementor-widget-container\">\n\t\t\t\t\t\t\t\t\t<p>La Fundaci\u00f3 Cotec, amb la col\u00b7laboraci\u00f3 de la Xarxa Espanyola d&#8217;Aprenentatge-Servici (REDAPS), va obrir una convocat\u00f2ria, <strong>adre\u00e7ada als centres de Formaci\u00f3 Professional de la prov\u00edncia de Val\u00e8ncia<\/strong>, per afavorir, mitjan\u00e7ant ajuts econ\u00f2mics, el desenvolupament de projectes d&#8217;aprenentatge-servici que atenguen les necessitats socials derivades de la dana d&#8217;octubre del 2024 a Val\u00e8ncia.<\/p><p>La convocat\u00f2ria va estar oberta del 24 de mar\u00e7 al 25 de juliol del 2025 per a tots els centres educatius de la prov\u00edncia de Val\u00e8ncia que imparteixen Formaci\u00f3 Professional reglada, tant p\u00fablics, concertats o privats, per presentar projectes dirigits a ajudar a la reconstrucci\u00f3 dels municipis afectats per la dana de 2024 a Val\u00e8ncia. Els centres interessats havien de presentar projectes que es desenvolupasen entre octubre de 2025 i juny de 2026. Cada projecte inscrit havia de respondre als requisits especificats a les bases.<\/p>\t\t\t\t\t\t\t\t<\/div>\n\t\t\t\t<\/div>\n\t\t\t\t<\/div>\n\t\t<div class=\"elementor-element elementor-element-1aaae63 e-con-full e-flex e-con e-child\" data-id=\"1aaae63\" data-element_type=\"container\" data-settings=\"{&quot;background_background&quot;:&quot;classic&quot;}\">\n\t\t\t\t<div class=\"elementor-element elementor-element-b62f44c elementor-widget elementor-widget-image\" data-id=\"b62f44c\" data-element_type=\"widget\" data-widget_type=\"image.default\">\n\t\t\t\t<div class=\"elementor-widget-container\">\n\t\t\t\t\t\t\t\t\t\t\t\t\t\t\t<img decoding=\"async\" width=\"40\" height=\"40\" src=\"https:\/\/aprenemdelapluja.cotec.es\/wp-content\/uploads\/2025\/03\/pluja_40x40.png\" class=\"attachment-full size-full wp-image-409\" alt=\"\" \/>\t\t\t\t\t\t\t\t\t\t\t\t\t\t\t<\/div>\n\t\t\t\t<\/div>\n\t\t\t\t<\/div>\n\t\t<div class=\"elementor-element elementor-element-e73ab79 e-con-full e-flex e-con e-child\" data-id=\"e73ab79\" data-element_type=\"container\">\n\t\t\t\t<div class=\"elementor-element elementor-element-7980022 elementor-widget elementor-widget-heading\" data-id=\"7980022\" data-element_type=\"widget\" data-widget_type=\"heading.default\">\n\t\t\t\t<div class=\"elementor-widget-container\">\n\t\t\t\t\t<h2 class=\"elementor-heading-title elementor-size-default\"><i>Qu\u00e8 entenem per aprenentatge-servici?<\/i><\/h2>\t\t\t\t<\/div>\n\t\t\t\t<\/div>\n\t\t\t\t<div class=\"elementor-element elementor-element-1271311 elementor-widget elementor-widget-text-editor\" data-id=\"1271311\" data-element_type=\"widget\" data-widget_type=\"text-editor.default\">\n\t\t\t\t<div class=\"elementor-widget-container\">\n\t\t\t\t\t\t\t\t\t<p><em>Una proposta educativa que combina processos d\u201faprenentatge i de servici a la comunitat en un sol projecte, articulat de manera que els participants aprenguen a treballar en necessitats reals de l&#8217;entorn amb la finalitat de millorar-lo.<\/em><\/p>\t\t\t\t\t\t\t\t<\/div>\n\t\t\t\t<\/div>\n\t\t\t\t<\/div>\n\t\t\t\t<\/div>\n\t\t\t\t<\/div>\n\t\t<div class=\"elementor-element elementor-element-7bb9198 e-flex e-con-boxed e-con e-parent\" data-id=\"7bb9198\" data-element_type=\"container\">\n\t\t\t\t\t<div class=\"e-con-inner\">\n\t\t<div class=\"elementor-element elementor-element-8c662e8 e-con-full e-flex e-con e-child\" data-id=\"8c662e8\" data-element_type=\"container\" data-settings=\"{&quot;background_background&quot;:&quot;classic&quot;}\">\n\t\t\t\t<div class=\"elementor-element elementor-element-bdaf8eb elementor-widget elementor-widget-text-editor\" data-id=\"bdaf8eb\" data-element_type=\"widget\" data-widget_type=\"text-editor.default\">\n\t\t\t\t<div class=\"elementor-widget-container\">\n\t\t\t\t\t\t\t\t\t<p>Un projecte de<\/p>\t\t\t\t\t\t\t\t<\/div>\n\t\t\t\t<\/div>\n\t\t<div class=\"elementor-element elementor-element-f8984e4 e-con-full e-flex e-con e-child\" data-id=\"f8984e4\" data-element_type=\"container\" data-settings=\"{&quot;background_background&quot;:&quot;classic&quot;}\">\n\t\t\t\t<div class=\"elementor-element elementor-element-359e11a elementor-widget elementor-widget-image\" data-id=\"359e11a\" data-element_type=\"widget\" data-widget_type=\"image.default\">\n\t\t\t\t<div class=\"elementor-widget-container\">\n\t\t\t\t\t\t\t\t\t\t\t\t\t\t\t\t<a href=\"https:\/\/cotec.es\/\" target=\"_blank\">\n\t\t\t\t\t\t\t<img decoding=\"async\" src=\"https:\/\/aprenemdelapluja.cotec.es\/wp-content\/uploads\/elementor\/thumbs\/Logo-COTEC-r31ij4yvd2kyfv1en0m7olxwkt1wjqcxb81b9zu0bs.png\" title=\"Logo COTEC\" alt=\"Logo COTEC\" loading=\"lazy\" \/>\t\t\t\t\t\t\t\t<\/a>\n\t\t\t\t\t\t\t\t\t\t\t\t\t\t\t<\/div>\n\t\t\t\t<\/div>\n\t\t\t\t<\/div>\n\t\t\t\t<\/div>\n\t\t<div class=\"elementor-element elementor-element-e08e98f e-con-full e-flex e-con e-child\" data-id=\"e08e98f\" data-element_type=\"container\" data-settings=\"{&quot;background_background&quot;:&quot;classic&quot;}\">\n\t\t\t\t<div class=\"elementor-element elementor-element-9862531 elementor-widget elementor-widget-text-editor\" data-id=\"9862531\" data-element_type=\"widget\" data-widget_type=\"text-editor.default\">\n\t\t\t\t<div class=\"elementor-widget-container\">\n\t\t\t\t\t\t\t\t\t<p>Amb la col\u00b7laboraci\u00f3 de <\/p>\t\t\t\t\t\t\t\t<\/div>\n\t\t\t\t<\/div>\n\t\t<div class=\"elementor-element elementor-element-71b7001 e-con-full e-flex e-con e-child\" data-id=\"71b7001\" data-element_type=\"container\" data-settings=\"{&quot;background_background&quot;:&quot;classic&quot;}\">\n\t\t\t\t<div class=\"elementor-element elementor-element-b3a077d elementor-widget elementor-widget-image\" data-id=\"b3a077d\" data-element_type=\"widget\" data-widget_type=\"image.default\">\n\t\t\t\t<div class=\"elementor-widget-container\">\n\t\t\t\t\t\t\t\t\t\t\t\t\t\t\t\t<a href=\"https:\/\/www.aprendizajeservicio.net\/\" target=\"_blank\">\n\t\t\t\t\t\t\t<img decoding=\"async\" src=\"https:\/\/aprenemdelapluja.cotec.es\/wp-content\/uploads\/elementor\/thumbs\/Logo-Red-aprendizaje-servicio-r31ikpd6r4q5sgrhhoztu7pk7xbxdkktiz6g2lidyg.png\" title=\"Logo Red aprendizaje servicio\" alt=\"Logo Red aprendizaje servicio\" loading=\"lazy\" \/>\t\t\t\t\t\t\t\t<\/a>\n\t\t\t\t\t\t\t\t\t\t\t\t\t\t\t<\/div>\n\t\t\t\t<\/div>\n\t\t\t\t<\/div>\n\t\t\t\t<\/div>\n\t\t<div class=\"elementor-element elementor-element-72723cd e-con-full e-flex e-con e-child\" data-id=\"72723cd\" data-element_type=\"container\" data-settings=\"{&quot;background_background&quot;:&quot;classic&quot;}\">\n\t\t\t\t<div class=\"elementor-element elementor-element-f13e45d elementor-widget elementor-widget-text-editor\" data-id=\"f13e45d\" data-element_type=\"widget\" data-widget_type=\"text-editor.default\">\n\t\t\t\t<div class=\"elementor-widget-container\">\n\t\t\t\t\t\t\t\t\t<p>Amb el suport de<\/p>\t\t\t\t\t\t\t\t<\/div>\n\t\t\t\t<\/div>\n\t\t<div class=\"elementor-element elementor-element-fde0e7a e-grid e-con-full e-con e-child\" data-id=\"fde0e7a\" data-element_type=\"container\">\n\t\t\t\t<div class=\"elementor-element elementor-element-9dad299 elementor-widget elementor-widget-image\" data-id=\"9dad299\" data-element_type=\"widget\" data-widget_type=\"image.default\">\n\t\t\t\t<div class=\"elementor-widget-container\">\n\t\t\t\t\t\t\t\t\t\t\t\t\t\t\t\t<a href=\"https:\/\/www.ymca.es\/\" target=\"_blank\">\n\t\t\t\t\t\t\t<img decoding=\"async\" src=\"https:\/\/aprenemdelapluja.cotec.es\/wp-content\/uploads\/elementor\/thumbs\/Logo-YMCA-r31il85yjtfw8o06fx4d82ys3mr9ning9k85o4qii0.png\" title=\"Logo YMCA\" alt=\"Logo YMCA\" loading=\"lazy\" \/>\t\t\t\t\t\t\t\t<\/a>\n\t\t\t\t\t\t\t\t\t\t\t\t\t\t\t<\/div>\n\t\t\t\t<\/div>\n\t\t\t\t<div class=\"elementor-element elementor-element-ddfdbe8 elementor-widget elementor-widget-image\" data-id=\"ddfdbe8\" data-element_type=\"widget\" data-widget_type=\"image.default\">\n\t\t\t\t<div class=\"elementor-widget-container\">\n\t\t\t\t\t\t\t\t\t\t\t\t\t\t\t\t<a href=\"https:\/\/edem.eu\/\" target=\"_blank\">\n\t\t\t\t\t\t\t<img decoding=\"async\" src=\"https:\/\/aprenemdelapluja.cotec.es\/wp-content\/uploads\/elementor\/thumbs\/Logo-EDEM-r3hbp8zw2w00so0arzb1a01gnvwdniol3uzw6yxuso.png\" title=\"Logo EDEM\" alt=\"Logo EDEM\" loading=\"lazy\" \/>\t\t\t\t\t\t\t\t<\/a>\n\t\t\t\t\t\t\t\t\t\t\t\t\t\t\t<\/div>\n\t\t\t\t<\/div>\n\t\t\t\t<\/div>\n\t\t<div class=\"elementor-element elementor-element-15bbbed e-grid e-con-full e-con e-child\" data-id=\"15bbbed\" data-element_type=\"container\">\n\t\t\t\t<div class=\"elementor-element elementor-element-7f0bd8b elementor-widget elementor-widget-image\" data-id=\"7f0bd8b\" data-element_type=\"widget\" data-widget_type=\"image.default\">\n\t\t\t\t<div class=\"elementor-widget-container\">\n\t\t\t\t\t\t\t\t\t\t\t\t\t\t\t\t<a href=\"https:\/\/www.valencia.es\/cas\/inicio\" target=\"_blank\">\n\t\t\t\t\t\t\t<img decoding=\"async\" src=\"https:\/\/aprenemdelapluja.cotec.es\/wp-content\/uploads\/elementor\/thumbs\/logo_ajuntament_valencia-r3taiclwkasfis6aivhkvc0gelincuqi2s3izffxuw.png\" title=\"logo_ajuntament_valencia\" alt=\"logo_ajuntament_valencia\" loading=\"lazy\" \/>\t\t\t\t\t\t\t\t<\/a>\n\t\t\t\t\t\t\t\t\t\t\t\t\t\t\t<\/div>\n\t\t\t\t<\/div>\n\t\t\t\t<\/div>\n\t\t\t\t<\/div>\n\t\t\t\t\t<\/div>\n\t\t\t\t<\/div>\n\t\t<div class=\"elementor-element elementor-element-4bbd3a9 e-con-full e-flex e-con e-parent\" data-id=\"4bbd3a9\" data-element_type=\"container\" id=\"objetivos\" data-settings=\"{&quot;background_background&quot;:&quot;classic&quot;}\">\n\t\t<div class=\"elementor-element elementor-element-6aee254 e-con-full e-flex e-con e-child\" data-id=\"6aee254\" data-element_type=\"container\">\n\t\t<div class=\"elementor-element elementor-element-15f181b e-con-full e-flex e-con e-child\" data-id=\"15f181b\" data-element_type=\"container\">\n\t\t\t\t<div class=\"elementor-element elementor-element-0219e35 elementor-widget elementor-widget-heading\" data-id=\"0219e35\" data-element_type=\"widget\" data-widget_type=\"heading.default\">\n\t\t\t\t<div class=\"elementor-widget-container\">\n\t\t\t\t\t<h2 class=\"elementor-heading-title elementor-size-default\">Objectius<\/h2>\t\t\t\t<\/div>\n\t\t\t\t<\/div>\n\t\t<div class=\"elementor-element elementor-element-73f6383 e-con-full e-flex e-con e-child\" data-id=\"73f6383\" data-element_type=\"container\" data-settings=\"{&quot;background_background&quot;:&quot;classic&quot;}\">\n\t\t\t\t<div class=\"elementor-element elementor-element-41b9e30 elementor-widget elementor-widget-image\" data-id=\"41b9e30\" data-element_type=\"widget\" data-widget_type=\"image.default\">\n\t\t\t\t<div class=\"elementor-widget-container\">\n\t\t\t\t\t\t\t\t\t\t\t\t\t\t\t<img decoding=\"async\" width=\"40\" height=\"40\" src=\"https:\/\/aprenemdelapluja.cotec.es\/wp-content\/uploads\/2025\/03\/pluja_blanca_40x40.png\" class=\"attachment-full size-full wp-image-411\" alt=\"\" \/>\t\t\t\t\t\t\t\t\t\t\t\t\t\t\t<\/div>\n\t\t\t\t<\/div>\n\t\t\t\t<\/div>\n\t\t\t\t<\/div>\n\t\t<div class=\"elementor-element elementor-element-ec89452 e-con-full e-flex e-con e-child\" data-id=\"ec89452\" data-element_type=\"container\">\n\t\t<div class=\"elementor-element elementor-element-c7e131b e-con-full e-flex e-con e-child\" data-id=\"c7e131b\" data-element_type=\"container\">\n\t\t<div class=\"elementor-element elementor-element-43338c9 e-con-full e-flex e-con e-child\" data-id=\"43338c9\" data-element_type=\"container\" data-settings=\"{&quot;background_background&quot;:&quot;classic&quot;}\">\n\t\t\t\t<div class=\"elementor-element elementor-element-8d34daa elementor-view-default elementor-widget elementor-widget-icon\" data-id=\"8d34daa\" data-element_type=\"widget\" data-widget_type=\"icon.default\">\n\t\t\t\t<div class=\"elementor-widget-container\">\n\t\t\t\t\t\t\t<div class=\"elementor-icon-wrapper\">\n\t\t\t<div class=\"elementor-icon\">\n\t\t\t<svg aria-hidden=\"true\" class=\"e-font-icon-svg e-fas-file\" viewBox=\"0 0 384 512\" xmlns=\"http:\/\/www.w3.org\/2000\/svg\"><path d=\"M224 136V0H24C10.7 0 0 10.7 0 24v464c0 13.3 10.7 24 24 24h336c13.3 0 24-10.7 24-24V160H248c-13.2 0-24-10.8-24-24zm160-14.1v6.1H256V0h6.1c6.4 0 12.5 2.5 17 7l97.9 98c4.5 4.5 7 10.6 7 16.9z\"><\/path><\/svg>\t\t\t<\/div>\n\t\t<\/div>\n\t\t\t\t\t\t<\/div>\n\t\t\t\t<\/div>\n\t\t\t\t<\/div>\n\t\t\t\t<div class=\"elementor-element elementor-element-b7007e1 elementor-widget elementor-widget-text-editor\" data-id=\"b7007e1\" data-element_type=\"widget\" data-widget_type=\"text-editor.default\">\n\t\t\t\t<div class=\"elementor-widget-container\">\n\t\t\t\t\t\t\t\t\t<p>Impulsar la realitzaci\u00f3 de projectes d&#8217;aprenentatge-servici que incideixin en situacions i problemes derivats de la dana i contribuir al proc\u00e9s de reconstrucci\u00f3<\/p>\t\t\t\t\t\t\t\t<\/div>\n\t\t\t\t<\/div>\n\t\t\t\t<\/div>\n\t\t<div class=\"elementor-element elementor-element-638e1be e-con-full e-flex e-con e-child\" data-id=\"638e1be\" data-element_type=\"container\">\n\t\t<div class=\"elementor-element elementor-element-564e67a e-con-full e-flex e-con e-child\" data-id=\"564e67a\" data-element_type=\"container\" data-settings=\"{&quot;background_background&quot;:&quot;classic&quot;}\">\n\t\t\t\t<div class=\"elementor-element elementor-element-610c5eb elementor-view-default elementor-widget elementor-widget-icon\" data-id=\"610c5eb\" data-element_type=\"widget\" data-widget_type=\"icon.default\">\n\t\t\t\t<div class=\"elementor-widget-container\">\n\t\t\t\t\t\t\t<div class=\"elementor-icon-wrapper\">\n\t\t\t<div class=\"elementor-icon\">\n\t\t\t<svg aria-hidden=\"true\" class=\"e-font-icon-svg e-fas-graduation-cap\" viewBox=\"0 0 640 512\" xmlns=\"http:\/\/www.w3.org\/2000\/svg\"><path d=\"M622.34 153.2L343.4 67.5c-15.2-4.67-31.6-4.67-46.79 0L17.66 153.2c-23.54 7.23-23.54 38.36 0 45.59l48.63 14.94c-10.67 13.19-17.23 29.28-17.88 46.9C38.78 266.15 32 276.11 32 288c0 10.78 5.68 19.85 13.86 25.65L20.33 428.53C18.11 438.52 25.71 448 35.94 448h56.11c10.24 0 17.84-9.48 15.62-19.47L82.14 313.65C90.32 307.85 96 298.78 96 288c0-11.57-6.47-21.25-15.66-26.87.76-15.02 8.44-28.3 20.69-36.72L296.6 284.5c9.06 2.78 26.44 6.25 46.79 0l278.95-85.7c23.55-7.24 23.55-38.36 0-45.6zM352.79 315.09c-28.53 8.76-52.84 3.92-65.59 0l-145.02-44.55L128 384c0 35.35 85.96 64 192 64s192-28.65 192-64l-14.18-113.47-145.03 44.56z\"><\/path><\/svg>\t\t\t<\/div>\n\t\t<\/div>\n\t\t\t\t\t\t<\/div>\n\t\t\t\t<\/div>\n\t\t\t\t<\/div>\n\t\t\t\t<div class=\"elementor-element elementor-element-525caec elementor-widget elementor-widget-text-editor\" data-id=\"525caec\" data-element_type=\"widget\" data-widget_type=\"text-editor.default\">\n\t\t\t\t<div class=\"elementor-widget-container\">\n\t\t\t\t\t\t\t\t\t<p>Recon\u00e9ixer la tasca dels centres de Formaci\u00f3 Professional que integren l&#8217;aprenentatge dels joves amb accions solid\u00e0ries destinades a millorar la qualitat de vida<\/p>\t\t\t\t\t\t\t\t<\/div>\n\t\t\t\t<\/div>\n\t\t\t\t<\/div>\n\t\t<div class=\"elementor-element elementor-element-ac9751e e-con-full e-flex e-con e-child\" data-id=\"ac9751e\" data-element_type=\"container\">\n\t\t<div class=\"elementor-element elementor-element-f7e594a e-con-full e-flex e-con e-child\" data-id=\"f7e594a\" data-element_type=\"container\" data-settings=\"{&quot;background_background&quot;:&quot;classic&quot;}\">\n\t\t\t\t<div class=\"elementor-element elementor-element-6bcd361 elementor-view-default elementor-widget elementor-widget-icon\" data-id=\"6bcd361\" data-element_type=\"widget\" data-widget_type=\"icon.default\">\n\t\t\t\t<div class=\"elementor-widget-container\">\n\t\t\t\t\t\t\t<div class=\"elementor-icon-wrapper\">\n\t\t\t<div class=\"elementor-icon\">\n\t\t\t<svg aria-hidden=\"true\" class=\"e-font-icon-svg e-fas-chalkboard-teacher\" viewBox=\"0 0 640 512\" xmlns=\"http:\/\/www.w3.org\/2000\/svg\"><path d=\"M208 352c-2.39 0-4.78.35-7.06 1.09C187.98 357.3 174.35 360 160 360c-14.35 0-27.98-2.7-40.95-6.91-2.28-.74-4.66-1.09-7.05-1.09C49.94 352-.33 402.48 0 464.62.14 490.88 21.73 512 48 512h224c26.27 0 47.86-21.12 48-47.38.33-62.14-49.94-112.62-112-112.62zm-48-32c53.02 0 96-42.98 96-96s-42.98-96-96-96-96 42.98-96 96 42.98 96 96 96zM592 0H208c-26.47 0-48 22.25-48 49.59V96c23.42 0 45.1 6.78 64 17.8V64h352v288h-64v-64H384v64h-76.24c19.1 16.69 33.12 38.73 39.69 64H592c26.47 0 48-22.25 48-49.59V49.59C640 22.25 618.47 0 592 0z\"><\/path><\/svg>\t\t\t<\/div>\n\t\t<\/div>\n\t\t\t\t\t\t<\/div>\n\t\t\t\t<\/div>\n\t\t\t\t<\/div>\n\t\t\t\t<div class=\"elementor-element elementor-element-1d272c8 elementor-widget elementor-widget-text-editor\" data-id=\"1d272c8\" data-element_type=\"widget\" data-widget_type=\"text-editor.default\">\n\t\t\t\t<div class=\"elementor-widget-container\">\n\t\t\t\t\t\t\t\t\t<p>Recon\u00e8ixer la capacitat de l&#8217;alumnat per provocar canvis positius a l&#8217;entorn, actuant com a ciutadania activa<\/p>\t\t\t\t\t\t\t\t<\/div>\n\t\t\t\t<\/div>\n\t\t\t\t<\/div>\n\t\t<div class=\"elementor-element elementor-element-6e080cd e-con-full e-flex e-con e-child\" data-id=\"6e080cd\" data-element_type=\"container\">\n\t\t<div class=\"elementor-element elementor-element-2023d43 e-con-full e-flex e-con e-child\" data-id=\"2023d43\" data-element_type=\"container\" data-settings=\"{&quot;background_background&quot;:&quot;classic&quot;}\">\n\t\t\t\t<div class=\"elementor-element elementor-element-165c8da elementor-view-default elementor-widget elementor-widget-icon\" data-id=\"165c8da\" data-element_type=\"widget\" data-widget_type=\"icon.default\">\n\t\t\t\t<div class=\"elementor-widget-container\">\n\t\t\t\t\t\t\t<div class=\"elementor-icon-wrapper\">\n\t\t\t<div class=\"elementor-icon\">\n\t\t\t<svg aria-hidden=\"true\" class=\"e-font-icon-svg e-fas-puzzle-piece\" viewBox=\"0 0 576 512\" xmlns=\"http:\/\/www.w3.org\/2000\/svg\"><path d=\"M519.442 288.651c-41.519 0-59.5 31.593-82.058 31.593C377.409 320.244 432 144 432 144s-196.288 80-196.288-3.297c0-35.827 36.288-46.25 36.288-85.985C272 19.216 243.885 0 210.539 0c-34.654 0-66.366 18.891-66.366 56.346 0 41.364 31.711 59.277 31.711 81.75C175.885 207.719 0 166.758 0 166.758v333.237s178.635 41.047 178.635-28.662c0-22.473-40-40.107-40-81.471 0-37.456 29.25-56.346 63.577-56.346 33.673 0 61.788 19.216 61.788 54.717 0 39.735-36.288 50.158-36.288 85.985 0 60.803 129.675 25.73 181.23 25.73 0 0-34.725-120.101 25.827-120.101 35.962 0 46.423 36.152 86.308 36.152C556.712 416 576 387.99 576 354.443c0-34.199-18.962-65.792-56.558-65.792z\"><\/path><\/svg>\t\t\t<\/div>\n\t\t<\/div>\n\t\t\t\t\t\t<\/div>\n\t\t\t\t<\/div>\n\t\t\t\t<\/div>\n\t\t\t\t<div class=\"elementor-element elementor-element-1f951aa elementor-widget elementor-widget-text-editor\" data-id=\"1f951aa\" data-element_type=\"widget\" data-widget_type=\"text-editor.default\">\n\t\t\t\t<div class=\"elementor-widget-container\">\n\t\t\t\t\t\t\t\t\t<p>Recon\u00e8ixer i donar visibilitat a les pr\u00e0ctiques d&#8217;aprenentatge-servici com a eina d&#8217;\u00e8xit educatiu i comprom\u00eds social, estimulant-ne la divulgaci\u00f3 i la implementaci\u00f3<\/p>\t\t\t\t\t\t\t\t<\/div>\n\t\t\t\t<\/div>\n\t\t\t\t<\/div>\n\t\t<div class=\"elementor-element elementor-element-05a88f5 e-con-full e-flex e-con e-child\" data-id=\"05a88f5\" data-element_type=\"container\">\n\t\t<div class=\"elementor-element elementor-element-11c6c65 e-con-full e-flex e-con e-child\" data-id=\"11c6c65\" data-element_type=\"container\" data-settings=\"{&quot;background_background&quot;:&quot;classic&quot;}\">\n\t\t\t\t<div class=\"elementor-element elementor-element-70a84c2 elementor-view-default elementor-widget elementor-widget-icon\" data-id=\"70a84c2\" data-element_type=\"widget\" data-widget_type=\"icon.default\">\n\t\t\t\t<div class=\"elementor-widget-container\">\n\t\t\t\t\t\t\t<div class=\"elementor-icon-wrapper\">\n\t\t\t<div class=\"elementor-icon\">\n\t\t\t<svg aria-hidden=\"true\" class=\"e-font-icon-svg e-fas-share-alt\" viewBox=\"0 0 448 512\" xmlns=\"http:\/\/www.w3.org\/2000\/svg\"><path d=\"M352 320c-22.608 0-43.387 7.819-59.79 20.895l-102.486-64.054a96.551 96.551 0 0 0 0-41.683l102.486-64.054C308.613 184.181 329.392 192 352 192c53.019 0 96-42.981 96-96S405.019 0 352 0s-96 42.981-96 96c0 7.158.79 14.13 2.276 20.841L155.79 180.895C139.387 167.819 118.608 160 96 160c-53.019 0-96 42.981-96 96s42.981 96 96 96c22.608 0 43.387-7.819 59.79-20.895l102.486 64.054A96.301 96.301 0 0 0 256 416c0 53.019 42.981 96 96 96s96-42.981 96-96-42.981-96-96-96z\"><\/path><\/svg>\t\t\t<\/div>\n\t\t<\/div>\n\t\t\t\t\t\t<\/div>\n\t\t\t\t<\/div>\n\t\t\t\t<\/div>\n\t\t\t\t<div class=\"elementor-element elementor-element-7fe4f55 elementor-widget elementor-widget-text-editor\" data-id=\"7fe4f55\" data-element_type=\"widget\" data-widget_type=\"text-editor.default\">\n\t\t\t\t<div class=\"elementor-widget-container\">\n\t\t\t\t\t\t\t\t\t<p>Enfortir i difondre a la societat una cultura participativa, solid\u00e0ria i de comprom\u00eds c\u00edvic, amb enfocament en la just\u00edcia social i els drets humans<\/p>\t\t\t\t\t\t\t\t<\/div>\n\t\t\t\t<\/div>\n\t\t\t\t<\/div>\n\t\t\t\t<\/div>\n\t\t\t\t<\/div>\n\t\t\t\t<\/div>\n\t\t<div class=\"elementor-element elementor-element-276b231 e-con-full e-flex e-con e-parent\" data-id=\"276b231\" data-element_type=\"container\" id=\"bases\">\n\t\t<div class=\"elementor-element elementor-element-a0282ee e-con-full e-flex e-con e-child\" data-id=\"a0282ee\" data-element_type=\"container\" data-settings=\"{&quot;background_background&quot;:&quot;classic&quot;}\">\n\t\t\t\t<\/div>\n\t\t<div class=\"elementor-element elementor-element-bad6da7 e-con-full e-flex e-con e-child\" data-id=\"bad6da7\" data-element_type=\"container\">\n\t\t<div class=\"elementor-element elementor-element-1b09640 e-con-full e-flex e-con e-child\" data-id=\"1b09640\" data-element_type=\"container\">\n\t\t\t\t<div class=\"elementor-element elementor-element-70002fa elementor-widget elementor-widget-heading\" data-id=\"70002fa\" data-element_type=\"widget\" data-widget_type=\"heading.default\">\n\t\t\t\t<div class=\"elementor-widget-container\">\n\t\t\t\t\t<h2 class=\"elementor-heading-title elementor-size-default\">Qui hi podia participar?<\/h2>\t\t\t\t<\/div>\n\t\t\t\t<\/div>\n\t\t\t\t<div class=\"elementor-element elementor-element-ec28690 elementor-widget elementor-widget-text-editor\" data-id=\"ec28690\" data-element_type=\"widget\" data-widget_type=\"text-editor.default\">\n\t\t\t\t<div class=\"elementor-widget-container\">\n\t\t\t\t\t\t\t\t\t<p>Podien participar en aquesta convocat\u00f2ria tots els centres educatius de la prov\u00edncia de Val\u00e8ncia que imparteixen formaci\u00f3 professional reglada, ja siguen p\u00fablics, concertats o privats, i presenten projectes per ser executats en els municipis afectats per la dana de 2024 a Val\u00e8ncia.<\/p>\t\t\t\t\t\t\t\t<\/div>\n\t\t\t\t<\/div>\n\t\t\t\t<\/div>\n\t\t<div class=\"elementor-element elementor-element-fcc3a80 e-con-full e-flex e-con e-child\" data-id=\"fcc3a80\" data-element_type=\"container\">\n\t\t\t\t<div class=\"elementor-element elementor-element-41ed495 elementor-widget elementor-widget-heading\" data-id=\"41ed495\" data-element_type=\"widget\" data-widget_type=\"heading.default\">\n\t\t\t\t<div class=\"elementor-widget-container\">\n\t\t\t\t\t<h2 class=\"elementor-heading-title elementor-size-default\">Quin tipus de projectes es podien presentar?<\/h2>\t\t\t\t<\/div>\n\t\t\t\t<\/div>\n\t\t\t\t<div class=\"elementor-element elementor-element-5fde89c elementor-widget elementor-widget-text-editor\" data-id=\"5fde89c\" data-element_type=\"widget\" data-widget_type=\"text-editor.default\">\n\t\t\t\t<div class=\"elementor-widget-container\">\n\t\t\t\t\t\t\t\t\t<p>Aquesta convocat\u00f2ria va acceptar projectes que s&#8217;iniciaven i desenvolupasen entre l&#8217;octubre del 2025 i el juny del 2026.<\/p>\t\t\t\t\t\t\t\t<\/div>\n\t\t\t\t<\/div>\n\t\t\t\t<\/div>\n\t\t<div class=\"elementor-element elementor-element-00bfe37 e-con-full e-flex e-con e-child\" data-id=\"00bfe37\" data-element_type=\"container\">\n\t\t\t\t<div class=\"elementor-element elementor-element-632d2c0 elementor-widget elementor-widget-heading\" data-id=\"632d2c0\" data-element_type=\"widget\" data-widget_type=\"heading.default\">\n\t\t\t\t<div class=\"elementor-widget-container\">\n\t\t\t\t\t<h2 class=\"elementor-heading-title elementor-size-default\">Com, quan i on es presentava un projecte?<\/h2>\t\t\t\t<\/div>\n\t\t\t\t<\/div>\n\t\t\t\t<div class=\"elementor-element elementor-element-15c542e elementor-widget elementor-widget-text-editor\" data-id=\"15c542e\" data-element_type=\"widget\" data-widget_type=\"text-editor.default\">\n\t\t\t\t<div class=\"elementor-widget-container\">\n\t\t\t\t\t\t\t\t\t<p>Cada projecte s&#8217;havia de presentar en format digital a trav\u00e9s del formulari habilitat, adjuntant la documentaci\u00f3 requerida en qualsevol de les lleng\u00fces oficials de la Comunitat Valenciana i complint els requisits que especificaven les bases.<\/p>\t\t\t\t\t\t\t\t<\/div>\n\t\t\t\t<\/div>\n\t\t\t\t<\/div>\n\t\t<div class=\"elementor-element elementor-element-11bab31 e-con-full e-flex e-con e-child\" data-id=\"11bab31\" data-element_type=\"container\" data-settings=\"{&quot;background_background&quot;:&quot;classic&quot;}\">\n\t\t\t\t<div class=\"elementor-element elementor-element-19af838 elementor-widget elementor-widget-image\" data-id=\"19af838\" data-element_type=\"widget\" data-widget_type=\"image.default\">\n\t\t\t\t<div class=\"elementor-widget-container\">\n\t\t\t\t\t\t\t\t\t\t\t\t\t\t\t<img decoding=\"async\" width=\"40\" height=\"40\" src=\"https:\/\/aprenemdelapluja.cotec.es\/wp-content\/uploads\/2025\/03\/pluja_40x40.png\" class=\"attachment-full size-full wp-image-409\" alt=\"\" \/>\t\t\t\t\t\t\t\t\t\t\t\t\t\t\t<\/div>\n\t\t\t\t<\/div>\n\t\t\t\t<\/div>\n\t\t\t\t<div class=\"elementor-element elementor-element-08cb5d0 elementor-widget elementor-widget-heading\" data-id=\"08cb5d0\" data-element_type=\"widget\" data-widget_type=\"heading.default\">\n\t\t\t\t<div class=\"elementor-widget-container\">\n\t\t\t\t\t<h2 class=\"elementor-heading-title elementor-size-default\">Bases de la convocat\u00f2ria<\/h2>\t\t\t\t<\/div>\n\t\t\t\t<\/div>\n\t\t\t\t<\/div>\n\t\t\t\t<\/div>\n\t\t<div class=\"elementor-element elementor-element-e21956c e-con-full e-flex e-con e-parent\" data-id=\"e21956c\" data-element_type=\"container\" data-settings=\"{&quot;background_background&quot;:&quot;classic&quot;}\">\n\t\t\t\t<div class=\"elementor-element elementor-element-3db43a2 elementor-align-center elementor-widget elementor-widget-button\" data-id=\"3db43a2\" data-element_type=\"widget\" data-widget_type=\"button.default\">\n\t\t\t\t<div class=\"elementor-widget-container\">\n\t\t\t\t\t\t\t\t\t<div class=\"elementor-button-wrapper\">\n\t\t\t\t\t<a class=\"elementor-button elementor-button-link elementor-size-sm\" href=\"https:\/\/aprenemdelapluja.cotec.es\/wp-content\/uploads\/2025\/03\/BASES_Aprenem-de-la-pluja_ok.pdf\" target=\"_blank\">\n\t\t\t\t\t\t<span class=\"elementor-button-content-wrapper\">\n\t\t\t\t\t\t\t\t\t<span class=\"elementor-button-text\">BASES DE LA CONVOCAT\u00d2RIA<\/span>\n\t\t\t\t\t<\/span>\n\t\t\t\t\t<\/a>\n\t\t\t\t<\/div>\n\t\t\t\t\t\t\t\t<\/div>\n\t\t\t\t<\/div>\n\t\t\t\t<\/div>\n\t\t<div class=\"elementor-element elementor-element-7fafb36 e-flex e-con-boxed e-con e-parent\" data-id=\"7fafb36\" data-element_type=\"container\" id=\"form\">\n\t\t\t\t\t<div class=\"e-con-inner\">\n\t\t<div class=\"elementor-element elementor-element-1ce8ec6 e-con-full e-flex e-con e-child\" data-id=\"1ce8ec6\" data-element_type=\"container\">\n\t\t\t\t<div class=\"elementor-element elementor-element-3e05b1c elementor-widget elementor-widget-heading\" data-id=\"3e05b1c\" data-element_type=\"widget\" data-widget_type=\"heading.default\">\n\t\t\t\t<div class=\"elementor-widget-container\">\n\t\t\t\t\t<h2 class=\"elementor-heading-title elementor-size-default\">Convocat\u00f2ria tancada<\/h2>\t\t\t\t<\/div>\n\t\t\t\t<\/div>\n\t\t<div class=\"elementor-element elementor-element-4e509c0 e-con-full e-flex e-con e-child\" data-id=\"4e509c0\" data-element_type=\"container\" data-settings=\"{&quot;background_background&quot;:&quot;classic&quot;}\">\n\t\t\t\t<div class=\"elementor-element elementor-element-0c87251 elementor-widget elementor-widget-image\" data-id=\"0c87251\" data-element_type=\"widget\" data-widget_type=\"image.default\">\n\t\t\t\t<div class=\"elementor-widget-container\">\n\t\t\t\t\t\t\t\t\t\t\t\t\t\t\t<img decoding=\"async\" src=\"https:\/\/aprenemdelapluja.cotec.es\/wp-content\/uploads\/elementor\/thumbs\/pluja_azul-claro_40x40-r36pty7lj0gsgl1e2t902pb99e8wbc3t9gxiitding.png\" title=\"pluja_azul claro_40x40\" alt=\"pluja_azul claro_40x40\" loading=\"lazy\" \/>\t\t\t\t\t\t\t\t\t\t\t\t\t\t\t<\/div>\n\t\t\t\t<\/div>\n\t\t\t\t<\/div>\n\t\t\t\t<div class=\"elementor-element elementor-element-226a854 elementor-widget elementor-widget-text-editor\" data-id=\"226a854\" data-element_type=\"widget\" data-widget_type=\"text-editor.default\">\n\t\t\t\t<div class=\"elementor-widget-container\">\n\t\t\t\t\t\t\t\t\t<p>El termini dinscripci\u00f3 per a aquest projecte est\u00e0 tancat.<\/p>\t\t\t\t\t\t\t\t<\/div>\n\t\t\t\t<\/div>\n\t\t<div class=\"elementor-element elementor-element-1af49a4 e-con-full e-flex e-con e-child\" data-id=\"1af49a4\" data-element_type=\"container\">\n\t\t\t\t<div class=\"elementor-element elementor-element-081cc6a elementor-align-center elementor-widget elementor-widget-button\" data-id=\"081cc6a\" data-element_type=\"widget\" data-widget_type=\"button.default\">\n\t\t\t\t<div class=\"elementor-widget-container\">\n\t\t\t\t\t\t\t\t\t<div class=\"elementor-button-wrapper\">\n\t\t\t\t\t<a class=\"elementor-button elementor-button-link elementor-size-sm\" href=\"https:\/\/docs.google.com\/forms\/d\/e\/1FAIpQLSfNOUqWzplP-mmajMaw55ITbdqy3ePNZAMEqBBlYaMaJkpomQ\/viewform?usp=send_form\" target=\"_blank\">\n\t\t\t\t\t\t<span class=\"elementor-button-content-wrapper\">\n\t\t\t\t\t\t\t\t\t<span class=\"elementor-button-text\">CONVOCAT\u00d2RIA TANCADA<\/span>\n\t\t\t\t\t<\/span>\n\t\t\t\t\t<\/a>\n\t\t\t\t<\/div>\n\t\t\t\t\t\t\t\t<\/div>\n\t\t\t\t<\/div>\n\t\t\t\t<\/div>\n\t\t\t\t<\/div>\n\t\t\t\t\t<\/div>\n\t\t\t\t<\/div>\n\t\t<div class=\"elementor-element elementor-element-5d3c635 e-flex e-con-boxed e-con e-parent\" data-id=\"5d3c635\" data-element_type=\"container\">\n\t\t\t\t\t<div class=\"e-con-inner\">\n\t\t<div class=\"elementor-element elementor-element-264be97 e-con-full e-flex e-con e-child\" data-id=\"264be97\" data-element_type=\"container\">\n\t\t<div class=\"elementor-element elementor-element-08190f0 e-con-full e-flex e-con e-child\" data-id=\"08190f0\" data-element_type=\"container\" data-settings=\"{&quot;background_background&quot;:&quot;classic&quot;}\">\n\t\t\t\t<div class=\"elementor-element elementor-element-32b7faf elementor-widget elementor-widget-text-editor\" data-id=\"32b7faf\" data-element_type=\"widget\" data-widget_type=\"text-editor.default\">\n\t\t\t\t<div class=\"elementor-widget-container\">\n\t\t\t\t\t\t\t\t\t<p>Qualsevol dubte o incid\u00e8ncia, per favor, posa&#8217;t en contacte amb nosaltres a trav\u00e9s del seg\u00fcent correu:<br><a style=\"color: #1d71b8;\" href=\"mailto:coteceducacion@cotec.es\">coteceducacion@cotec.es<\/a><\/p>\t\t\t\t\t\t\t\t<\/div>\n\t\t\t\t<\/div>\n\t\t\t\t<\/div>\n\t\t\t\t<\/div>\n\t\t\t\t\t<\/div>\n\t\t\t\t<\/div>\n\t\t<div class=\"elementor-element elementor-element-2d1f54f e-flex e-con-boxed e-con e-parent\" data-id=\"2d1f54f\" data-element_type=\"container\">\n\t\t\t\t\t<div class=\"e-con-inner\">\n\t\t<div class=\"elementor-element elementor-element-b1bc43a e-con-full e-flex e-con e-child\" data-id=\"b1bc43a\" data-element_type=\"container\">\n\t\t\t\t<div class=\"elementor-element elementor-element-28f390a elementor-widget elementor-widget-text-editor\" data-id=\"28f390a\" data-element_type=\"widget\" data-widget_type=\"text-editor.default\">\n\t\t\t\t<div class=\"elementor-widget-container\">\n\t\t\t\t\t\t\t\t\t\u00a9 2025 &#8211; Fundaci\u00f3 COTEC. Tots els drets reservats. Disseny i desenvolupament per <a style=\"color: #1d71b8;\" href=\"https:\/\/gruporcomunicacion.com\/\">Grupo R Comunicaci\u00f3n<\/a>\t\t\t\t\t\t\t\t<\/div>\n\t\t\t\t<\/div>\n\t\t\t\t<\/div>\n\t\t<div class=\"elementor-element elementor-element-1206b31 e-con-full e-flex e-con e-child\" data-id=\"1206b31\" data-element_type=\"container\">\n\t\t\t\t<div class=\"elementor-element elementor-element-97a7e83 elementor-widget elementor-widget-text-editor\" data-id=\"97a7e83\" data-element_type=\"widget\" data-widget_type=\"text-editor.default\">\n\t\t\t\t<div class=\"elementor-widget-container\">\n\t\t\t\t\t\t\t\t\t<a href=\"https:\/\/cotec.es\/aviso-legal\/\" style=\"color: #1d71b8;\" target=\"_blank\" rel=\"noopener\">Av\u00eds Legal<\/a> | <a href=\"https:\/\/cotec.es\/politica-privacidad\/\" style=\"color: #1d71b8;\" target=\"_blank\" rel=\"noopener\">Pol\u00edtica de Privadesa<\/a> | <a href=\"https:\/\/cotec.es\/politica-de-cookies\/\" style=\"color: #1d71b8;\" target=\"_blank\" rel=\"noopener\">Pol\u00edtica de cookies<\/a> | <a href=\"https:\/\/cotec.es\/transparencia\/canal-denuncias\/\" style=\"color: #1d71b8;\" target=\"_blank\" rel=\"noopener\">Canal Den\u00fancies<\/a>\t\t\t\t\t\t\t\t<\/div>\n\t\t\t\t<\/div>\n\t\t\t\t<\/div>\n\t\t\t\t\t<\/div>\n\t\t\t\t<\/div>\n\t\t\t\t<\/div>\n\t\t","protected":false},"excerpt":{"rendered":"<p>Projectes seleccionats Objectius BASES Inscripci\u00f3 APRENEM DE LA PLUJA Projectes d&#8217;aprenentatge-servici dirigits a ajudar la poblaci\u00f3 afectada per la dana de 2024 a Val\u00e8ncia 16 projectes de FP ajudaran en la reconstrucci\u00f3 dels territoris afectats per la DANA de Val\u00e8ncia Les iniciatives van n\u00e0ixer a centres de FP de la prov\u00edncia de Val\u00e8ncia i van [&hellip;]<\/p>\n","protected":false},"author":1,"featured_media":245,"parent":0,"menu_order":0,"comment_status":"closed","ping_status":"closed","template":"elementor_canvas","meta":{"_monsterinsights_skip_tracking":false,"_monsterinsights_sitenote_active":false,"_monsterinsights_sitenote_note":"","_monsterinsights_sitenote_category":0,"footnotes":""},"class_list":["post-456","page","type-page","status-publish","has-post-thumbnail","hentry"],"yoast_head":"<!-- This site is optimized with the Yoast SEO plugin v25.9 - https:\/\/yoast.com\/wordpress\/plugins\/seo\/ -->\n<title>APRENEM DE LA PLUJA - Fundaci\u00f3n COTEC<\/title>\n<meta name=\"description\" content=\"Projectes d&#039;aprenentatge-servici dirigits a ajudar la poblaci\u00f3 afectada per la dana de 2024 a Val\u00e8ncia\" \/>\n<meta name=\"robots\" content=\"index, follow, max-snippet:-1, max-image-preview:large, max-video-preview:-1\" \/>\n<link rel=\"canonical\" href=\"https:\/\/aprenemdelapluja.cotec.es\/\" \/>\n<meta property=\"og:locale\" content=\"en_US\" \/>\n<meta property=\"og:type\" content=\"article\" \/>\n<meta property=\"og:title\" content=\"APRENEM DE LA PLUJA - Fundaci\u00f3n COTEC\" \/>\n<meta property=\"og:description\" content=\"Projectes d&#039;aprenentatge-servici dirigits a ajudar la poblaci\u00f3 afectada per la dana de 2024 a Val\u00e8ncia\" \/>\n<meta property=\"og:url\" content=\"https:\/\/aprenemdelapluja.cotec.es\/\" \/>\n<meta property=\"og:site_name\" content=\"APRENEM DE LA PLUJA | Fundaci\u00f3n COTEC\" \/>\n<meta property=\"article:modified_time\" content=\"2026-02-03T14:40:32+00:00\" \/>\n<meta property=\"og:image\" content=\"https:\/\/aprenemdelapluja.cotec.es\/wp-content\/uploads\/2025\/03\/Recurso-3.png\" \/>\n\t<meta property=\"og:image:width\" content=\"961\" \/>\n\t<meta property=\"og:image:height\" content=\"969\" \/>\n\t<meta property=\"og:image:type\" content=\"image\/png\" \/>\n<meta name=\"twitter:card\" content=\"summary_large_image\" \/>\n<meta name=\"twitter:label1\" content=\"Est. reading time\" \/>\n\t<meta name=\"twitter:data1\" content=\"8 minutes\" \/>\n<script type=\"application\/ld+json\" class=\"yoast-schema-graph\">{\"@context\":\"https:\/\/schema.org\",\"@graph\":[{\"@type\":\"WebPage\",\"@id\":\"https:\/\/aprenemdelapluja.cotec.es\/\",\"url\":\"https:\/\/aprenemdelapluja.cotec.es\/\",\"name\":\"APRENEM DE LA PLUJA - Fundaci\u00f3n COTEC\",\"isPartOf\":{\"@id\":\"https:\/\/aprenemdelapluja.cotec.es\/#website\"},\"primaryImageOfPage\":{\"@id\":\"https:\/\/aprenemdelapluja.cotec.es\/#primaryimage\"},\"image\":{\"@id\":\"https:\/\/aprenemdelapluja.cotec.es\/#primaryimage\"},\"thumbnailUrl\":\"https:\/\/aprenemdelapluja.cotec.es\/wp-content\/uploads\/2025\/03\/Recurso-3.png\",\"datePublished\":\"2025-09-11T15:57:18+00:00\",\"dateModified\":\"2026-02-03T14:40:32+00:00\",\"description\":\"Projectes d'aprenentatge-servici dirigits a ajudar la poblaci\u00f3 afectada per la dana de 2024 a Val\u00e8ncia\",\"breadcrumb\":{\"@id\":\"https:\/\/aprenemdelapluja.cotec.es\/#breadcrumb\"},\"inLanguage\":\"va-ES\",\"potentialAction\":[{\"@type\":\"ReadAction\",\"target\":[\"https:\/\/aprenemdelapluja.cotec.es\/\"]}]},{\"@type\":\"ImageObject\",\"inLanguage\":\"va-ES\",\"@id\":\"https:\/\/aprenemdelapluja.cotec.es\/#primaryimage\",\"url\":\"https:\/\/aprenemdelapluja.cotec.es\/wp-content\/uploads\/2025\/03\/Recurso-3.png\",\"contentUrl\":\"https:\/\/aprenemdelapluja.cotec.es\/wp-content\/uploads\/2025\/03\/Recurso-3.png\",\"width\":961,\"height\":969},{\"@type\":\"BreadcrumbList\",\"@id\":\"https:\/\/aprenemdelapluja.cotec.es\/#breadcrumb\",\"itemListElement\":[{\"@type\":\"ListItem\",\"position\":1,\"name\":\"Portada\",\"item\":\"https:\/\/aprenemdelapluja.cotec.es\/\"},{\"@type\":\"ListItem\",\"position\":2,\"name\":\"HOME\"}]},{\"@type\":\"WebSite\",\"@id\":\"https:\/\/aprenemdelapluja.cotec.es\/#website\",\"url\":\"https:\/\/aprenemdelapluja.cotec.es\/\",\"name\":\"APRENEM DE LA PLUJA | Fundaci\u00f3n COTEC\",\"description\":\"\",\"publisher\":{\"@id\":\"https:\/\/aprenemdelapluja.cotec.es\/#organization\"},\"potentialAction\":[{\"@type\":\"SearchAction\",\"target\":{\"@type\":\"EntryPoint\",\"urlTemplate\":\"https:\/\/aprenemdelapluja.cotec.es\/?s={search_term_string}\"},\"query-input\":{\"@type\":\"PropertyValueSpecification\",\"valueRequired\":true,\"valueName\":\"search_term_string\"}}],\"inLanguage\":\"va-ES\"},{\"@type\":\"Organization\",\"@id\":\"https:\/\/aprenemdelapluja.cotec.es\/#organization\",\"name\":\"APRENEM DE LA PLUJA | Fundaci\u00f3n COTEC\",\"url\":\"https:\/\/aprenemdelapluja.cotec.es\/\",\"logo\":{\"@type\":\"ImageObject\",\"inLanguage\":\"va-ES\",\"@id\":\"https:\/\/aprenemdelapluja.cotec.es\/#\/schema\/logo\/image\/\",\"url\":\"https:\/\/aprenemdelapluja.cotec.es\/wp-content\/uploads\/2025\/03\/cropped-Recurso-1-1.png\",\"contentUrl\":\"https:\/\/aprenemdelapluja.cotec.es\/wp-content\/uploads\/2025\/03\/cropped-Recurso-1-1.png\",\"width\":330,\"height\":80,\"caption\":\"APRENEM DE LA PLUJA | Fundaci\u00f3n COTEC\"},\"image\":{\"@id\":\"https:\/\/aprenemdelapluja.cotec.es\/#\/schema\/logo\/image\/\"}}]}<\/script>\n<!-- \/ Yoast SEO plugin. -->","yoast_head_json":{"title":"APRENEM DE LA PLUJA - Fundaci\u00f3n COTEC","description":"Projectes d'aprenentatge-servici dirigits a ajudar la poblaci\u00f3 afectada per la dana de 2024 a Val\u00e8ncia","robots":{"index":"index","follow":"follow","max-snippet":"max-snippet:-1","max-image-preview":"max-image-preview:large","max-video-preview":"max-video-preview:-1"},"canonical":"https:\/\/aprenemdelapluja.cotec.es\/","og_locale":"en_US","og_type":"article","og_title":"APRENEM DE LA PLUJA - Fundaci\u00f3n COTEC","og_description":"Projectes d'aprenentatge-servici dirigits a ajudar la poblaci\u00f3 afectada per la dana de 2024 a Val\u00e8ncia","og_url":"https:\/\/aprenemdelapluja.cotec.es\/","og_site_name":"APRENEM DE LA PLUJA | Fundaci\u00f3n COTEC","article_modified_time":"2026-02-03T14:40:32+00:00","og_image":[{"width":961,"height":969,"url":"https:\/\/aprenemdelapluja.cotec.es\/wp-content\/uploads\/2025\/03\/Recurso-3.png","type":"image\/png"}],"twitter_card":"summary_large_image","twitter_misc":{"Est. reading time":"8 minutes"},"schema":{"@context":"https:\/\/schema.org","@graph":[{"@type":"WebPage","@id":"https:\/\/aprenemdelapluja.cotec.es\/","url":"https:\/\/aprenemdelapluja.cotec.es\/","name":"APRENEM DE LA PLUJA - Fundaci\u00f3n COTEC","isPartOf":{"@id":"https:\/\/aprenemdelapluja.cotec.es\/#website"},"primaryImageOfPage":{"@id":"https:\/\/aprenemdelapluja.cotec.es\/#primaryimage"},"image":{"@id":"https:\/\/aprenemdelapluja.cotec.es\/#primaryimage"},"thumbnailUrl":"https:\/\/aprenemdelapluja.cotec.es\/wp-content\/uploads\/2025\/03\/Recurso-3.png","datePublished":"2025-09-11T15:57:18+00:00","dateModified":"2026-02-03T14:40:32+00:00","description":"Projectes d'aprenentatge-servici dirigits a ajudar la poblaci\u00f3 afectada per la dana de 2024 a Val\u00e8ncia","breadcrumb":{"@id":"https:\/\/aprenemdelapluja.cotec.es\/#breadcrumb"},"inLanguage":"va-ES","potentialAction":[{"@type":"ReadAction","target":["https:\/\/aprenemdelapluja.cotec.es\/"]}]},{"@type":"ImageObject","inLanguage":"va-ES","@id":"https:\/\/aprenemdelapluja.cotec.es\/#primaryimage","url":"https:\/\/aprenemdelapluja.cotec.es\/wp-content\/uploads\/2025\/03\/Recurso-3.png","contentUrl":"https:\/\/aprenemdelapluja.cotec.es\/wp-content\/uploads\/2025\/03\/Recurso-3.png","width":961,"height":969},{"@type":"BreadcrumbList","@id":"https:\/\/aprenemdelapluja.cotec.es\/#breadcrumb","itemListElement":[{"@type":"ListItem","position":1,"name":"Portada","item":"https:\/\/aprenemdelapluja.cotec.es\/"},{"@type":"ListItem","position":2,"name":"HOME"}]},{"@type":"WebSite","@id":"https:\/\/aprenemdelapluja.cotec.es\/#website","url":"https:\/\/aprenemdelapluja.cotec.es\/","name":"APRENEM DE LA PLUJA | Fundaci\u00f3n COTEC","description":"","publisher":{"@id":"https:\/\/aprenemdelapluja.cotec.es\/#organization"},"potentialAction":[{"@type":"SearchAction","target":{"@type":"EntryPoint","urlTemplate":"https:\/\/aprenemdelapluja.cotec.es\/?s={search_term_string}"},"query-input":{"@type":"PropertyValueSpecification","valueRequired":true,"valueName":"search_term_string"}}],"inLanguage":"va-ES"},{"@type":"Organization","@id":"https:\/\/aprenemdelapluja.cotec.es\/#organization","name":"APRENEM DE LA PLUJA | Fundaci\u00f3n COTEC","url":"https:\/\/aprenemdelapluja.cotec.es\/","logo":{"@type":"ImageObject","inLanguage":"va-ES","@id":"https:\/\/aprenemdelapluja.cotec.es\/#\/schema\/logo\/image\/","url":"https:\/\/aprenemdelapluja.cotec.es\/wp-content\/uploads\/2025\/03\/cropped-Recurso-1-1.png","contentUrl":"https:\/\/aprenemdelapluja.cotec.es\/wp-content\/uploads\/2025\/03\/cropped-Recurso-1-1.png","width":330,"height":80,"caption":"APRENEM DE LA PLUJA | Fundaci\u00f3n COTEC"},"image":{"@id":"https:\/\/aprenemdelapluja.cotec.es\/#\/schema\/logo\/image\/"}}]}},"_links":{"self":[{"href":"https:\/\/aprenemdelapluja.cotec.es\/va-es\/wp-json\/wp\/v2\/pages\/456","targetHints":{"allow":["GET"]}}],"collection":[{"href":"https:\/\/aprenemdelapluja.cotec.es\/va-es\/wp-json\/wp\/v2\/pages"}],"about":[{"href":"https:\/\/aprenemdelapluja.cotec.es\/va-es\/wp-json\/wp\/v2\/types\/page"}],"author":[{"embeddable":true,"href":"https:\/\/aprenemdelapluja.cotec.es\/va-es\/wp-json\/wp\/v2\/users\/1"}],"replies":[{"embeddable":true,"href":"https:\/\/aprenemdelapluja.cotec.es\/va-es\/wp-json\/wp\/v2\/comments?post=456"}],"version-history":[{"count":39,"href":"https:\/\/aprenemdelapluja.cotec.es\/va-es\/wp-json\/wp\/v2\/pages\/456\/revisions"}],"predecessor-version":[{"id":572,"href":"https:\/\/aprenemdelapluja.cotec.es\/va-es\/wp-json\/wp\/v2\/pages\/456\/revisions\/572"}],"wp:featuredmedia":[{"embeddable":true,"href":"https:\/\/aprenemdelapluja.cotec.es\/va-es\/wp-json\/wp\/v2\/media\/245"}],"wp:attachment":[{"href":"https:\/\/aprenemdelapluja.cotec.es\/va-es\/wp-json\/wp\/v2\/media?parent=456"}],"curies":[{"name":"wp","href":"https:\/\/api.w.org\/{rel}","templated":true}]}}